{"id":7458,"date":"2018-03-08T18:15:34","date_gmt":"2018-03-08T18:15:34","guid":{"rendered":"https:\/\/humartech.uma.es\/iarthislab\/?post_type=portfolio&#038;p=7458"},"modified":"2018-09-15T10:14:59","modified_gmt":"2018-09-15T10:14:59","slug":"repensando-la-barriada-de-el-palo","status":"publish","type":"portfolio","link":"https:\/\/humartech.uma.es\/iarthislab\/proyectos\/repensando-la-barriada-de-el-palo\/","title":{"rendered":"Repensando la barriada de El Palo"},"content":{"rendered":"\n<style type=\"text\/css\" data-created_by=\"avia_inline_auto\" id=\"style-css-av-4m2t8i-286938473ae13676e24df5f7413342f6\">\n.avia-section.av-4m2t8i-286938473ae13676e24df5f7413342f6{\nbackground-repeat:no-repeat;\nbackground-image:url(https:\/\/humartech.uma.es\/iarthislab\/wp-content\/uploads\/2018\/03\/cabecera-el-palo-1.jpg);\nbackground-position:50% 50%;\nbackground-attachment:scroll;\n}\n.avia-section.av-4m2t8i-286938473ae13676e24df5f7413342f6 .av-section-color-overlay{\nopacity:0.2;\nbackground-color:#ffffff;\n}\n<\/style>\n<div id='av_section_1'  class='avia-section av-4m2t8i-286938473ae13676e24df5f7413342f6 main_color avia-section-no-padding avia-no-border-styling  avia-builder-el-0  el_before_av_one_fifth  avia-builder-el-first  avia-bg-style-scroll av-section-color-overlay-active av-minimum-height av-minimum-height-custom av-height-custom  container_wrap sidebar_right'  data-section-bg-repeat='no-repeat' data-av_minimum_height_px='220'><div class=\"av-section-color-overlay-wrap\"><div class=\"av-section-color-overlay\"><\/div><div class='container av-section-cont-open' style='height:220px'><main  role=\"main\" itemprop=\"mainContentOfPage\"  class='template-page content  av-content-small alpha units'><div class='post-entry post-entry-type-page post-entry-7458'><div class='entry-content-wrapper clearfix'>\n\n<style type=\"text\/css\" data-created_by=\"avia_inline_auto\" id=\"style-css-av-181gf4i-ceae97520c599616662dc0f959f95362\">\n#top .av-special-heading.av-181gf4i-ceae97520c599616662dc0f959f95362{\npadding-bottom:10px;\ncolor:#ffffff;\n}\nbody .av-special-heading.av-181gf4i-ceae97520c599616662dc0f959f95362 .av-special-heading-tag .heading-char{\nfont-size:25px;\n}\n.av-special-heading.av-181gf4i-ceae97520c599616662dc0f959f95362 .special-heading-inner-border{\nborder-color:#ffffff;\n}\n.av-special-heading.av-181gf4i-ceae97520c599616662dc0f959f95362 .av-subheading{\nfont-size:15px;\n}\n<\/style>\n<div  class='av-special-heading av-181gf4i-ceae97520c599616662dc0f959f95362 av-special-heading-h2 custom-color-heading blockquote modern-quote modern-centered  avia-builder-el-1  avia-builder-el-no-sibling '><h2 class='av-special-heading-tag '  itemprop=\"headline\"  >Repensando la barriada de El Palo (M\u00e1laga)<\/h2><div class=\"special-heading-border\"><div class=\"special-heading-inner-border\"><\/div><\/div><\/div>\n<\/div><\/div><\/main><!-- close content main element --><\/div><\/div><\/div><div id='after_section_1'  class='main_color av_default_container_wrap container_wrap sidebar_right'  ><div class='container av-section-cont-open' ><div class='template-page content  av-content-small alpha units'><div class='post-entry post-entry-type-page post-entry-7458'><div class='entry-content-wrapper clearfix'>\n\n<style type=\"text\/css\" data-created_by=\"avia_inline_auto\" id=\"style-css-av-15u3c6q-6385b3fc74ac9092bb95ea9252737241\">\n.flex_column.av-15u3c6q-6385b3fc74ac9092bb95ea9252737241{\nborder-radius:0px 0px 0px 0px;\npadding:0px 0px 0px 0px;\n}\n<\/style>\n<div  class='flex_column av-15u3c6q-6385b3fc74ac9092bb95ea9252737241 av_one_fifth  avia-builder-el-2  el_after_av_section  el_before_av_three_fifth  avia-builder-el-first  first flex_column_div av-zero-column-padding  '     ><\/div>\n\n<style type=\"text\/css\" data-created_by=\"avia_inline_auto\" id=\"style-css-av-15c0m9e-7b888bc55c2872039ce536a409f199b5\">\n.flex_column.av-15c0m9e-7b888bc55c2872039ce536a409f199b5{\nborder-radius:0px 0px 0px 0px;\npadding:0px 0px 0px 0px;\n}\n<\/style>\n<div  class='flex_column av-15c0m9e-7b888bc55c2872039ce536a409f199b5 av_three_fifth  avia-builder-el-3  el_after_av_one_fifth  el_before_av_one_fifth  flex_column_div av-zero-column-padding  '     ><p>\n<style type=\"text\/css\" data-created_by=\"avia_inline_auto\" id=\"style-css-av-av_heading-df7039e7fdf52a02b37878d26668b47f\">\n#top .av-special-heading.av-av_heading-df7039e7fdf52a02b37878d26668b47f{\npadding-bottom:10px;\ncolor:#b02b2c;\n}\nbody .av-special-heading.av-av_heading-df7039e7fdf52a02b37878d26668b47f .av-special-heading-tag .heading-char{\nfont-size:25px;\n}\n.av-special-heading.av-av_heading-df7039e7fdf52a02b37878d26668b47f .special-heading-inner-border{\nborder-color:#b02b2c;\n}\n.av-special-heading.av-av_heading-df7039e7fdf52a02b37878d26668b47f .av-subheading{\nfont-size:15px;\n}\n<\/style>\n<div  class='av-special-heading av-av_heading-df7039e7fdf52a02b37878d26668b47f av-special-heading-h2 custom-color-heading  avia-builder-el-4  el_before_av_hr  avia-builder-el-first '><h2 class='av-special-heading-tag '  itemprop=\"headline\"  >Repensando la barriada de El Palo (M\u00e1laga). Una iniciativa de design thinking para aportar soluciones a problemas de periferias urbanas y culturales<\/h2><div class=\"special-heading-border\"><div class=\"special-heading-inner-border\"><\/div><\/div><\/div><br \/>\n\n<style type=\"text\/css\" data-created_by=\"avia_inline_auto\" id=\"style-css-av-11f0bci-8247a32d7f1147acf56440cd8a4e6b6c\">\n#top .hr.hr-invisible.av-11f0bci-8247a32d7f1147acf56440cd8a4e6b6c{\nheight:50px;\n}\n<\/style>\n<div  class='hr av-11f0bci-8247a32d7f1147acf56440cd8a4e6b6c hr-invisible  avia-builder-el-5  el_after_av_heading  el_before_av_textblock '><span class='hr-inner '><span class=\"hr-inner-style\"><\/span><\/span><\/div><br \/>\n<section  class='av_textblock_section av-zqr17m-5ed60e6120e2e81dc7e8a56a25df0b94 '   itemscope=\"itemscope\" itemtype=\"https:\/\/schema.org\/CreativeWork\" ><div class='avia_textblock'  itemprop=\"text\" ><h4 class=\"vc_custom_heading\">Resumen<\/h4>\n<div class=\"wpb_text_column \">\n<div class=\"wpb_wrapper\">\n<p class=\"p1\">Proyecto formativo promovido por el grupo de investigaci\u00f3n iArtHis_Lab (iarthis.hdplus.es) de la Universidad de M\u00e1laga en el contexto del m\u00e1ster en Desarrollos Sociales de la Cultura Art\u00edstica que coordina y organiza el Departamento de Historia del Arte. El objetivo principal del proyecto es utilizar metodolog\u00edas de prototipado y\u00a0<i>desing thinking\u00a0<\/i>para detectar problemas reales y aportar soluciones efectivas. En concreto, los estudiantes tendr\u00e1n que plantearse como problema la barriada de El Palo (situada en el distrito Este de M\u00e1laga) y reflexionar sobre las condiciones que est\u00e1n generando su actual situaci\u00f3n perif\u00e9rica, tanto urbana como cultural, con el fin de dise\u00f1ar un prototipo de proyecto orientado a la redefinir su ubicaci\u00f3n y rol cultural en el conjunto de la metr\u00f3poli. Este proyecto formativo lleva impl\u00edcita una reflexi\u00f3n sobre el concepto de periferia y marginalidad; centralidad y descentralidad; representaci\u00f3n y participaci\u00f3n ciudadana;\u00a0<i>mainstream<\/i>, oficialidad y contracultura.<\/p>\n<\/div>\n<\/div>\n<h4 class=\"vc_custom_heading\">Contexto<\/h4>\n<div class=\"wpb_text_column \">\n<div class=\"wpb_wrapper\">\n<p class=\"p1\">La motivaci\u00f3n de este proyecto se encuentra en la necesidad de integrar en la formaci\u00f3n los nuevos paradigmas de conocimiento definitorios de nuestra sociedad contempor\u00e1nea, en los que el denominado\u00a0<i>digital turn,\u00a0<\/i>la \u00abcultura lab\u00bb o la \u00abcultura\u00a0<i>maker<\/i>\u00bb juegan un papel fundamental. Nuestra sociedad contempor\u00e1nea se define por un nuevo orden epist\u00e9mico basado en el conocimiento abierto, colaborativo, procesual, h\u00edbrido, colectivo, intersticial, transversal y multivalente<span class=\"s1\">.\u00a0<\/span>Este cambio lleva aparejado profundas transformaciones que tienen que ver con las nuevas modalidades de producci\u00f3n, distribuci\u00f3n, comprensi\u00f3n y reutilizaci\u00f3n del conocimiento. En consecuencia, el giro epist\u00e9mico representa nuevos modos de pensar y de comprender, y tambi\u00e9n nuevas maneras de crear, recrear, comunicar, representar e interpretar. As\u00ed pues, consideramos que uno de los retos que urge afrontar es la necesidad de formar a nuestros estudiantes en las nuevas maneras de trabajar, pensar, enfocar, interpretar y dar respuesta a los problemas \u2013pr\u00e1cticos e intelectuales- de nuestra sociedad; maneras en las que la creatividad, la experimentaci\u00f3n o la hibridez de saberes m\u00faltiples aparecen como factores fundamentales.<\/p>\n<p class=\"p1\">En este contexto, las estrategias de prototipado y de pensamiento de dise\u00f1o (<i>design thinking<\/i>) se nos muestran como metodolog\u00edas excelentes, pues estas ponen en funcionamiento no solamente maneras de trabajar distintas, sino tambi\u00e9n formas nuevas de pensar y enfocar los problemas, lo cual es fundamental para fomentar la creatividad y la innovaci\u00f3n como principios b\u00e1sicos de la generaci\u00f3n de conocimiento.<\/p>\n<p class=\"p1\">El pensamiento de dise\u00f1o empez\u00f3 a desarrollarse de forma te\u00f3rica en la Universidad de Stanford en la d\u00e9cada de los setenta, pero actualmente configura una de las estrategias clave en el\u00e1mbito de la empresa, en la organizaci\u00f3n de proyectos de diversa naturaleza, programas formativos, dinamizaci\u00f3n de equipos de trabajo, etc. Seg\u00fan su propio nombre indica, el pensamiento de dise\u00f1o importa la manera de trabajar de los dise\u00f1adores de producto como v\u00eda eficaz para afrontar problemas complejos y darles respuestas v\u00e1lidas e innovadoras a trav\u00e9s de enfoques colaborativos y desde una aproximaci\u00f3n hol\u00edstica e interdisciplinar.<\/p>\n<p class=\"p1\">El prototipado tambi\u00e9n comporta beneficios formativos indudables, pues construir prototipos facilita la comprensi\u00f3n de los problemas al materializar las ideas en dispositivos concretos, ayuda a visualizar posibles soluciones y tambi\u00e9n a detectar los errores potenciales, lo que permite, en un proceso iterativo, establecer mejoras que ayuden a alcanzar un resultado \u00f3ptimo final. Esto, a su vez, contribuye a generar la conciencia de que el conocimiento requiere de un proceso de experimentaci\u00f3n creativa, en el que es necesario asumir riesgos probando nuevas ideas que desaf\u00eden las convenciones establecidas; y que los errores y fallos son elementos necesarios de los procesos de innovaci\u00f3n, pues son estos los que permiten la iteraci\u00f3n y las implementaciones de mejora.<\/p>\n<p class=\"p1\">El prototipado y el pensamiento de dise\u00f1o se incardinan, a su vez, en la \u00abcultura lab\u00bb, que hace suyos los par\u00e1metros de trabajo propios de los laboratorios basados en la experimentaci\u00f3n y en los procesos de ensayo-error.<\/p>\n<p class=\"p1\">Prototipado y pensamiento de dise\u00f1o tambi\u00e9n se incardinan en la \u00abcultura maker\u00bb, que se sustenta sobre el principio de que la generaci\u00f3n de conocimiento se enriquece y expande si este se hibrida con procesos de hacer y\/o fabricar, conectando de este modo conocimiento te\u00f3rico y pr\u00e1ctico, mental y factual. La \u00abcultura maker\u00bb se materializa en la emergencia de los\u00a0<i>fablab\u00a0<\/i>como nuevos espacios para la generaci\u00f3n creativa e innovadora de conocimientos. Precisamente, la noci\u00f3n de\u00a0<i>Generative Humanities<\/i>, propuesta por Johanna Drucker, alude a la transformaci\u00f3n contempor\u00e1nea de las Humanidades en un \u00abempresa generativa\u00bb (<i>generative enterprise<\/i>) en la medida en que los estudiantes y los profesores \u00abhacen cosas\u00bb cuando ellos estudian o investigan, generando no solo textos (en la forma de an\u00e1lisis, comentarios, narraciones, cr\u00edtica), sino tambi\u00e9n im\u00e1genes, interacciones, relatos transmediales, plataformas web, aplicaciones, etc.<span class=\"s2\">1\u00a0<\/span>Por eso, afirma Johanna Drucker, es necesario instituir una nueva pedagog\u00eda.<\/p>\n<\/div>\n<\/div>\n<h4 class=\"vc_custom_heading\">Estrategias que se van a emplear<\/h4>\n<div class=\"wpb_text_column \">\n<div class=\"wpb_wrapper\">\n<ul>\n<li>Trabajo en equipo para generar sinergias compartidas a trav\u00e9s de los aportes individuales de cada participante, seg\u00fan su propia experiencia, enfoque y bagaje formativo.<\/li>\n<li>Aplicaci\u00f3n de t\u00e9cnicas de contenido visual y pl\u00e1stico basadas en la potencialidad heur\u00edstica de la visualidad y, por tanto, en su capacidad para generar, evocar, comunicar y compartir ideas con el grupo. Por ejemplo: modelado conceptual, t\u00e9cnicas de mapping, storytelling, moodboard (selecci\u00f3n de im\u00e1genes que puedan evocar ideas y expresar relaciones entre conceptos, etc.).<\/li>\n<li>Aplicaci\u00f3n de t\u00e9cnicas low-tech para facilitar la definici\u00f3n de ideas y estimular el pensamiento creativo mediante procesos de \u00abfabricaci\u00f3n\u00bb.<\/li>\n<li>Desarrollo de sesiones tipo workshop o laboratorio de ideas, en las que se aplicar\u00e1n t\u00e9cnicas de braimstorming, SCAMPER (Sustituye, Combina, Adapta, Modifica, Pon otros usos, Elimina, Reforma), etc., adem\u00e1s de las t\u00e9cnicas de contenido visual antes mencionadas.<\/li>\n<li>T\u00e9cnicas asociadas a la curadur\u00eda expositiva de ideas y artefactos.<\/li>\n<\/ul>\n<\/div>\n<\/div>\n<\/div><\/section><br \/>\n\n<style type=\"text\/css\" data-created_by=\"avia_inline_auto\" id=\"style-css-av-3cwfuq-169e728f16ada4494e2f5b39878027ab\">\n#top .hr.hr-invisible.av-3cwfuq-169e728f16ada4494e2f5b39878027ab{\nheight:30px;\n}\n<\/style>\n<div  class='hr av-3cwfuq-169e728f16ada4494e2f5b39878027ab hr-invisible  avia-builder-el-7  el_after_av_textblock  el_before_av_codeblock '><span class='hr-inner '><span class=\"hr-inner-style\"><\/span><\/span><\/div><br \/>\n<br \/>\n\n<style type=\"text\/css\" data-created_by=\"avia_inline_auto\" id=\"style-css-av-3cwfuq-169e728f16ada4494e2f5b39878027ab\">\n#top .hr.hr-invisible.av-3cwfuq-169e728f16ada4494e2f5b39878027ab{\nheight:30px;\n}\n<\/style>\n<div  class='hr av-3cwfuq-169e728f16ada4494e2f5b39878027ab hr-invisible  avia-builder-el-9  el_after_av_codeblock  el_before_av_slideshow '><span class='hr-inner '><span class=\"hr-inner-style\"><\/span><\/span><\/div><br \/>\n<div  class='avia-slideshow av-vyywzm-72d448d534adef1933672563fe6cc1f3 avia-slideshow-no scaling av_slideshow avia-slide-slider  avia-builder-el-10  el_after_av_hr  el_before_av_button  av-slideshow-ui av-control-hidden av-no-slider-navigation av-hide-nav-arrows av-slideshow-autoplay av-loop-endless av-loop-manual-endless av-default-height-applied avia-slideshow-1' data-slideshow-options=\"{&quot;animation&quot;:&quot;slide&quot;,&quot;autoplay&quot;:true,&quot;loop_autoplay&quot;:&quot;endless&quot;,&quot;interval&quot;:6,&quot;loop_manual&quot;:&quot;manual-endless&quot;,&quot;autoplay_stopper&quot;:false,&quot;noNavigation&quot;:true,&quot;bg_slider&quot;:false,&quot;keep_padding&quot;:false,&quot;hoverpause&quot;:false,&quot;show_slide_delay&quot;:0}\"  itemprop=\"image\" itemscope=\"itemscope\" itemtype=\"https:\/\/schema.org\/ImageObject\" ><ul class='avia-slideshow-inner ' style='padding-bottom: 73.333333333333%;'><li  class='avia-slideshow-slide av-vyywzm-72d448d534adef1933672563fe6cc1f3__0  slide-1 slide-odd'><div data-rel='slideshow-1' class='avia-slide-wrap '   ><img decoding=\"async\" fetchpriority=\"high\" class=\"wp-image-7459 avia-img-lazy-loading-not-7459\"  src=\"https:\/\/humartech.uma.es\/iarthislab\/wp-content\/uploads\/2018\/03\/elpalo-global-2.jpg\" width=\"750\" height=\"550\" title='elpalo-global-2' alt=''  itemprop=\"thumbnailUrl\" srcset=\"https:\/\/humartech.uma.es\/iarthislab\/wp-content\/uploads\/2018\/03\/elpalo-global-2.jpg 750w, https:\/\/humartech.uma.es\/iarthislab\/wp-content\/uploads\/2018\/03\/elpalo-global-2-300x220.jpg 300w, https:\/\/humartech.uma.es\/iarthislab\/wp-content\/uploads\/2018\/03\/elpalo-global-2-705x517.jpg 705w\" sizes=\"(max-width: 750px) 100vw, 750px\" \/><\/div><\/li><li  class='avia-slideshow-slide av-vyywzm-72d448d534adef1933672563fe6cc1f3__1  slide-2 slide-even'><div data-rel='slideshow-1' class='avia-slide-wrap '   ><img decoding=\"async\" fetchpriority=\"high\" class=\"wp-image-7460 avia-img-lazy-loading-not-7460\"  src=\"https:\/\/humartech.uma.es\/iarthislab\/wp-content\/uploads\/2018\/03\/elpalo-aula-3.jpg\" width=\"750\" height=\"550\" title='elpalo-aula-3' alt=''  itemprop=\"thumbnailUrl\" srcset=\"https:\/\/humartech.uma.es\/iarthislab\/wp-content\/uploads\/2018\/03\/elpalo-aula-3.jpg 750w, https:\/\/humartech.uma.es\/iarthislab\/wp-content\/uploads\/2018\/03\/elpalo-aula-3-300x220.jpg 300w, https:\/\/humartech.uma.es\/iarthislab\/wp-content\/uploads\/2018\/03\/elpalo-aula-3-705x517.jpg 705w\" sizes=\"(max-width: 750px) 100vw, 750px\" \/><\/div><\/li><\/ul><div class='avia-slideshow-arrows avia-slideshow-controls' ><a href='#prev' class='prev-slide  avia-svg-icon avia-font-svg_entypo-fontello' data-av_svg_icon='left-open-big' data-av_iconset='svg_entypo-fontello' tabindex='-1' title=\"Anterior\"><svg version=\"1.1\" xmlns=\"http:\/\/www.w3.org\/2000\/svg\" width=\"15\" height=\"32\" viewBox=\"0 0 15 32\" preserveAspectRatio=\"xMidYMid meet\" aria-labelledby='av-svg-title-1' aria-describedby='av-svg-desc-1' role=\"graphics-symbol\" aria-hidden=\"true\">\n<title id='av-svg-title-1'>Anterior<\/title>\n<desc id='av-svg-desc-1'>Anterior<\/desc>\n<path d=\"M14.464 27.84q0.832 0.832 0 1.536-0.832 0.832-1.536 0l-12.544-12.608q-0.768-0.768 0-1.6l12.544-12.608q0.704-0.832 1.536 0 0.832 0.704 0 1.536l-11.456 11.904z\"><\/path>\n<\/svg><span class='avia_hidden_link_text'>Anterior<\/span><\/a><a href='#next' class='next-slide  avia-svg-icon avia-font-svg_entypo-fontello' data-av_svg_icon='right-open-big' data-av_iconset='svg_entypo-fontello' tabindex='-1' title=\"Posterior\"><svg version=\"1.1\" xmlns=\"http:\/\/www.w3.org\/2000\/svg\" width=\"15\" height=\"32\" viewBox=\"0 0 15 32\" preserveAspectRatio=\"xMidYMid meet\" aria-labelledby='av-svg-title-2' aria-describedby='av-svg-desc-2' role=\"graphics-symbol\" aria-hidden=\"true\">\n<title id='av-svg-title-2'>Posterior<\/title>\n<desc id='av-svg-desc-2'>Posterior<\/desc>\n<path d=\"M0.416 27.84l11.456-11.84-11.456-11.904q-0.832-0.832 0-1.536 0.832-0.832 1.536 0l12.544 12.608q0.768 0.832 0 1.6l-12.544 12.608q-0.704 0.832-1.536 0-0.832-0.704 0-1.536z\"><\/path>\n<\/svg><span class='avia_hidden_link_text'>Posterior<\/span><\/a><\/div><\/div><br \/>\n<div  class='avia-button-wrap av-rxdd02-ef9cac9869bfd530717510c4eb86b2bb-wrap avia-button-center  avia-builder-el-11  el_after_av_slideshow  el_before_av_hr '><a href='https:\/\/www.flickr.com\/groups\/2861759@N20\/'  class='avia-button av-rxdd02-ef9cac9869bfd530717510c4eb86b2bb av-link-btn avia-icon_select-yes-left-icon avia-size-large avia-position-center av-icon-on-hover avia-color-theme-color-subtle'  target=\"_blank\"  rel=\"noopener noreferrer\"  aria-label=\"VER IM\u00c1GENES EN FLICKR\"><span class='avia_button_icon avia_button_icon_left avia-iconfont avia-font-entypo-fontello' data-av_icon='\ue832' data-av_iconfont='entypo-fontello' ><\/span><span class='avia_iconbox_title' >VER IM\u00c1GENES EN FLICKR<\/span><\/a><\/div><br \/>\n\n<style type=\"text\/css\" data-created_by=\"avia_inline_auto\" id=\"style-css-av-q2flgi-5b26c0385a15a46083692388de0022eb\">\n#top .hr.hr-invisible.av-q2flgi-5b26c0385a15a46083692388de0022eb{\nheight:30px;\n}\n<\/style>\n<div  class='hr av-q2flgi-5b26c0385a15a46083692388de0022eb hr-invisible  avia-builder-el-12  el_after_av_button  el_before_av_heading '><span class='hr-inner '><span class=\"hr-inner-style\"><\/span><\/span><\/div><br \/>\n\n<style type=\"text\/css\" data-created_by=\"avia_inline_auto\" id=\"style-css-av-av_heading-e7f4d95226c28b5df05d9f8ec6124b99\">\n#top .av-special-heading.av-av_heading-e7f4d95226c28b5df05d9f8ec6124b99{\npadding-bottom:10px;\ncolor:#b02b2c;\n}\nbody .av-special-heading.av-av_heading-e7f4d95226c28b5df05d9f8ec6124b99 .av-special-heading-tag .heading-char{\nfont-size:25px;\n}\n.av-special-heading.av-av_heading-e7f4d95226c28b5df05d9f8ec6124b99 .special-heading-inner-border{\nborder-color:#b02b2c;\n}\n.av-special-heading.av-av_heading-e7f4d95226c28b5df05d9f8ec6124b99 .av-subheading{\nfont-size:15px;\n}\n<\/style>\n<div  class='av-special-heading av-av_heading-e7f4d95226c28b5df05d9f8ec6124b99 av-special-heading-h2 custom-color-heading blockquote modern-quote  avia-builder-el-13  el_after_av_hr  el_before_av_hr '><h2 class='av-special-heading-tag '  itemprop=\"headline\"  >Esquema general del desarrollo de la actividad<\/h2><div class=\"special-heading-border\"><div class=\"special-heading-inner-border\"><\/div><\/div><\/div><br \/>\n\n<style type=\"text\/css\" data-created_by=\"avia_inline_auto\" id=\"style-css-av-n0b9eq-101505250ef69df3779f5728574b2733\">\n#top .hr.hr-invisible.av-n0b9eq-101505250ef69df3779f5728574b2733{\nheight:30px;\n}\n<\/style>\n<div  class='hr av-n0b9eq-101505250ef69df3779f5728574b2733 hr-invisible  avia-builder-el-14  el_after_av_heading  el_before_av_toggle_container '><span class='hr-inner '><span class=\"hr-inner-style\"><\/span><\/span><\/div><br \/>\n<div  class='togglecontainer av-kp92sy-2fc1935849ddb2d6f0148b2fa6582c6c  avia-builder-el-15  el_after_av_hr  el_before_av_hr ' >\n<section class='av_toggle_section av-j06fki-0d81c52068e7dd12a7a836395c93322e'  itemscope=\"itemscope\" itemtype=\"https:\/\/schema.org\/CreativeWork\" ><div role=\"tablist\" class=\"single_toggle\" data-tags=\"{Todo} \"  ><p id='toggle-toggle-id-1' data-fake-id='#toggle-id-1' class='toggler  activeTitle av-title-above '  itemprop=\"headline\"  role='tab' tabindex='0' aria-controls='toggle-id-1' data-slide-speed=\"200\" data-title=\"Dise\u00f1o\" data-title-open=\"\" data-aria_collapsed=\"Click to expand: Dise\u00f1o\" data-aria_expanded=\"Click to collapse: Dise\u00f1o\">Dise\u00f1o<span class=\"toggle_icon\"><span class=\"vert_icon\"><\/span><span class=\"hor_icon\"><\/span><\/span><\/p><div id='toggle-id-1' aria-labelledby='toggle-toggle-id-1' role='region' class='toggle_wrap  active_tc av-title-above' style='display:block;' ><div class='toggle_content invers-color '  itemprop=\"text\" ><p class=\"p1\">de las l\u00edneas maestras de la actividad por parte de la profesora (Nuria Rodr\u00edguez Ortega) que actuar\u00e1 como \u00abfacilitadora\u00bb en todo el proceso.<\/p>\n<\/div><\/div><\/div><\/section>\n<section class='av_toggle_section av-gv5dbm-94b05c990e32facd54751982e7bde698'  itemscope=\"itemscope\" itemtype=\"https:\/\/schema.org\/CreativeWork\" ><div role=\"tablist\" class=\"single_toggle\" data-tags=\"{Todo} \"  ><p id='toggle-toggle-id-2' data-fake-id='#toggle-id-2' class='toggler  av-title-above '  itemprop=\"headline\"  role='tab' tabindex='0' aria-controls='toggle-id-2' data-slide-speed=\"200\" data-title=\"Fase inicial (sesiones 4-25 de noviembre)\" data-title-open=\"\" data-aria_collapsed=\"Click to expand: Fase inicial (sesiones 4-25 de noviembre)\" data-aria_expanded=\"Click to collapse: Fase inicial (sesiones 4-25 de noviembre)\">Fase inicial (sesiones 4-25 de noviembre)<span class=\"toggle_icon\"><span class=\"vert_icon\"><\/span><span class=\"hor_icon\"><\/span><\/span><\/p><div id='toggle-id-2' aria-labelledby='toggle-toggle-id-2' role='region' class='toggle_wrap  av-title-above'  ><div class='toggle_content invers-color '  itemprop=\"text\" ><p class=\"p1\">an\u00e1lisis y comprensi\u00f3n del problema que se va a abordar e indagaci\u00f3n sobre posibles respuestas y\/o soluciones.<\/p>\n<ul>\n<li class=\"p1\">Sesi\u00f3n de inicio basado en un\u00a0<i>workshop\u00a0<\/i>para la generaci\u00f3n de ideas, etc. y microtaller para familiarizarse con las t\u00e9cnicas de\u00a0<i>design thinking\u00a0<\/i>(\u00abRelatos inscritos en el edificio The Green Ray\u00bb).<\/li>\n<li class=\"p1\">Recopilaci\u00f3n de datos e informaci\u00f3n relacionados con el problema que se est\u00e1 tratando para tratar de comprenderlo y elaborar posibles interpretaciones-soluciones.<\/li>\n<li class=\"p1\">Definici\u00f3n de la idea concreta a desarrollar, establecimiento del cronograma y estrategias de actuaci\u00f3n<\/li>\n<\/ul>\n<\/div><\/div><\/div><\/section>\n<section class='av_toggle_section av-giic5e-07479240856033e077336945c9623176'  itemscope=\"itemscope\" itemtype=\"https:\/\/schema.org\/CreativeWork\" ><div role=\"tablist\" class=\"single_toggle\" data-tags=\"{Todo} \"  ><p id='toggle-toggle-id-3' data-fake-id='#toggle-id-3' class='toggler  av-title-above '  itemprop=\"headline\"  role='tab' tabindex='0' aria-controls='toggle-id-3' data-slide-speed=\"200\" data-title=\"Proceso de prototipado (sesiones 2-9 de diciembre)\" data-title-open=\"\" data-aria_collapsed=\"Click to expand: Proceso de prototipado (sesiones 2-9 de diciembre)\" data-aria_expanded=\"Click to collapse: Proceso de prototipado (sesiones 2-9 de diciembre)\">Proceso de prototipado (sesiones 2-9 de diciembre)<span class=\"toggle_icon\"><span class=\"vert_icon\"><\/span><span class=\"hor_icon\"><\/span><\/span><\/p><div id='toggle-id-3' aria-labelledby='toggle-toggle-id-3' role='region' class='toggle_wrap  av-title-above'  ><div class='toggle_content invers-color '  itemprop=\"text\" ><p class=\"p1\">desarrollo de la idea propuesta.<\/p>\n<ul>\n<li class=\"p1\">Sesiones de evaluaci\u00f3n y puesta en com\u00fan para recibir\u00a0<i>feedback\u00a0<\/i>de los\u00a0compa\u00f1eros y del profesor, evaluar el desarrollo del prototipo, etc.<\/li>\n<li class=\"p1\">Testeo del prototipo (sesiones 15-16 de diciembre)<\/li>\n<li class=\"p1\">Implementaci\u00f3n definitiva (2o semestre)<\/li>\n<\/ul>\n<\/div><\/div><\/div><\/section>\n<section class='av_toggle_section av-ee2a2q-97b977b2f8792f813bb0c9867db71bed'  itemscope=\"itemscope\" itemtype=\"https:\/\/schema.org\/CreativeWork\" ><div role=\"tablist\" class=\"single_toggle\" data-tags=\"{Todo} \"  ><p id='toggle-toggle-id-4' data-fake-id='#toggle-id-4' class='toggler  av-title-above '  itemprop=\"headline\"  role='tab' tabindex='0' aria-controls='toggle-id-4' data-slide-speed=\"200\" data-title=\"Presentaci\u00f3n y difusi\u00f3n de resultados\" data-title-open=\"\" data-aria_collapsed=\"Click to expand: Presentaci\u00f3n y difusi\u00f3n de resultados\" data-aria_expanded=\"Click to collapse: Presentaci\u00f3n y difusi\u00f3n de resultados\">Presentaci\u00f3n y difusi\u00f3n de resultados<span class=\"toggle_icon\"><span class=\"vert_icon\"><\/span><span class=\"hor_icon\"><\/span><\/span><\/p><div id='toggle-id-4' aria-labelledby='toggle-toggle-id-4' role='region' class='toggle_wrap  av-title-above'  ><div class='toggle_content invers-color '  itemprop=\"text\" ><p>Publicaci\u00f3n en la p\u00e1gina web del proyecto (2\u00ba semestre)<\/p>\n<\/div><\/div><\/div><\/section>\n<\/div><br \/>\n\n<style type=\"text\/css\" data-created_by=\"avia_inline_auto\" id=\"style-css-av-cl08sy-c25229e43530785233e2a1535a9dee85\">\n#top .hr.hr-invisible.av-cl08sy-c25229e43530785233e2a1535a9dee85{\nheight:30px;\n}\n<\/style>\n<div  class='hr av-cl08sy-c25229e43530785233e2a1535a9dee85 hr-invisible  avia-builder-el-16  el_after_av_toggle_container  el_before_av_heading '><span class='hr-inner '><span class=\"hr-inner-style\"><\/span><\/span><\/div><br \/>\n\n<style type=\"text\/css\" data-created_by=\"avia_inline_auto\" id=\"style-css-av-av_heading-af4e12da33b7c394ed1f83564243ba6c\">\n#top .av-special-heading.av-av_heading-af4e12da33b7c394ed1f83564243ba6c{\npadding-bottom:10px;\ncolor:#b02b2c;\n}\nbody .av-special-heading.av-av_heading-af4e12da33b7c394ed1f83564243ba6c .av-special-heading-tag .heading-char{\nfont-size:25px;\n}\n.av-special-heading.av-av_heading-af4e12da33b7c394ed1f83564243ba6c .special-heading-inner-border{\nborder-color:#b02b2c;\n}\n.av-special-heading.av-av_heading-af4e12da33b7c394ed1f83564243ba6c .av-subheading{\nfont-size:15px;\n}\n<\/style>\n<div  class='av-special-heading av-av_heading-af4e12da33b7c394ed1f83564243ba6c av-special-heading-h2 custom-color-heading blockquote modern-quote  avia-builder-el-17  el_after_av_hr  el_before_av_textblock '><h2 class='av-special-heading-tag '  itemprop=\"headline\"  >Proyectos<\/h2><div class=\"special-heading-border\"><div class=\"special-heading-inner-border\"><\/div><\/div><\/div><br \/>\n<section  class='av_textblock_section av-97cyhe-992a65fe0fe6111e4f2e733ed83b9b7e '   itemscope=\"itemscope\" itemtype=\"https:\/\/schema.org\/CreativeWork\" ><div class='avia_textblock'  itemprop=\"text\" ><h3 class=\"vc_custom_heading\"><strong style=\"font-size: 16px;\"><u>Centro Cultural La Cochera<\/u><\/strong><\/h3>\n<div class=\"wpb_text_column \">\n<div class=\"wpb_wrapper\">\n<p>M\u00f3nica Melgar, Elena Ortega, Isabelle Sauer , Rocio Monsalves, Franziska M\u00fcller y Carmen Olmedo<\/p>\n<p>Creaci\u00f3n de un centro cultural como factor de dinamizaci\u00f3n de las actividades socioculturales del barrio.<\/p>\n<p><a href=\"http:\/\/centroculturallaco.wixsite.com\/single-release-lp-es\" target=\"_blank\" rel=\"noopener\">V\u00e9ase mockup<\/a>\u00a0<a href=\"http:\/\/centroculturallaco.wixsite.com\/single-release-lp-es\" target=\"_blank\" rel=\"noopener\">\u21d2<\/a><\/p>\n<p><strong><u>Situando El Palo<\/u><\/strong><\/p>\n<p>Ana Dorronzoro Guerra, Sonia Enamorado Corpas, Adri\u00e1n Garc\u00eda Mayenco, Arlette Gomes Tafur, Sandra G\u00f3mez Aguilar y Alba Gambero Garrido<\/p>\n<p>Espacio web para la publicaci\u00f3n y difusi\u00f3n de las obras de producci\u00f3n art\u00edstica llevadas a cabo por los vecinos de la barriada del Palo.<\/p>\n<p><strong><u>El Palo y aparte<\/u><\/strong><\/p>\n<p>Sara Ramos, Luisa Redondo, Carmen Rocamora, B\u00e1rbara Romero y yo, Regina Salas<\/p>\n<p>Desarrollo de una plataforma virtual que recoge las actividades realizadas en El Palo y que incrementa su visibilidad m\u00e1s all\u00e1 del barrio mediante la distribuci\u00f3n de c\u00f3digos QR por otros espacios de la ciudad que enlazan con la plataforma.<\/p>\n<p><a href=\"https:\/\/humartech.uma.es\/iarthislab\/wp-content\/uploads\/2017\/09\/PRESENTACI{d897001e7a6c4c6e6586ca7d8d3f109a1b2397214c0b0ed8f51cb63a743b1859}C3{d897001e7a6c4c6e6586ca7d8d3f109a1b2397214c0b0ed8f51cb63a743b1859}93N-EL-PALO-2.pdf\" target=\"_blank\" rel=\"noopener\">V\u00e9ase dossier\u00a0\u21d2<\/a><\/p>\n<p><a href=\"https:\/\/elpaloyaparte.wordpress.com\/author\/elpaloyaparte\/\" target=\"_blank\" rel=\"noopener\">V\u00e9ase mockup\u00a0\u21d2<\/a><\/p>\n<p><strong><u>#<\/u><u>PaloStreetArtExperience<\/u><\/strong><\/p>\n<p>Cristina Chac\u00f3n Torre\u00f1o, Leticia Crespillo Mar\u00ed, Pilar D\u00edaz Ocejo y Davinia Burgos Narva\u00e9z, Pablo de Le\u00f3n<\/p>\n<p>Dinamizaci\u00f3n del barrio mediante iniciativas de arte urbano tomando como punto de partida la recuperaci\u00f3n del el mural realizado por Joaqu\u00edn Lobato en la d\u00e9cada de los ochenta y actualmente blanqueado.<\/p>\n<p><a href=\"https:\/\/humartech.uma.es\/iarthislab\/wp-content\/uploads\/2017\/09\/Proyecto-PaloStreetArtExperience-Power-Point-mi{d897001e7a6c4c6e6586ca7d8d3f109a1b2397214c0b0ed8f51cb63a743b1859}C3{d897001e7a6c4c6e6586ca7d8d3f109a1b2397214c0b0ed8f51cb63a743b1859}A9rcoles-9122015-1.pdf\" target=\"_blank\" rel=\"noopener\">V\u00e9ase dossier\u00a0\u21d2<\/a><\/p>\n<p><strong><u>Proyecto de diagnosis<\/u><\/strong><\/p>\n<p>Rosa M\u00aa L\u00f3pez Moreno, M\u00ba Victoria L\u00f3pez G\u00e1mez, Rebeca Huerta Viga, Sandra Medina Bueno, Luis Miguel Villa Rojano<\/p>\n<p>Proyecto basado en la elaboraci\u00f3n de diagn\u00f3sticos para conocer la percepci\u00f3n existente sobre la cultura en la barriada del Palo a trav\u00e9s de sus propios vecinos.<\/p>\n<\/div>\n<\/div>\n<div class=\"w-separator type_default size_medium thick_1 style_solid color_border cont_none\"><\/div>\n<div class=\"wpb_text_column \">\n<div class=\"wpb_wrapper\">\n<p>Esta actividad forma parte del proyecto de\u00a0innovaci\u00f3n educativa de la Universidad de M\u00e1laga PIE-188.<br \/>\n<strong>Coordinaci\u00f3n:<\/strong>\u00a0Nuria Rodr\u00edguez Ortega<br \/>\n<strong>Participantes:<\/strong>\u00a0Estudiantes de la asignatura Patrimonio y Cultura Digital<br \/>\ndel M\u00e1ster en Desarrollos Sociales de la Cultura Art\u00edstica<\/p>\n<p><strong>Nota sobre derechos de autor:<\/strong>\u00a0Los documentos asociados a los trabajos desarrollados est\u00e1n protegidos por derechos de autor. Si est\u00e1s interesado\/a\u00a0en reutilizarlos y\/o citarlos, contacta con nro@uma.es<\/p>\n<\/div>\n<\/div>\n<div class=\"wpb_text_column \">\n<div class=\"wpb_wrapper\"><\/div>\n<\/div>\n<\/div><\/section><\/p><\/div>\n<style type=\"text\/css\" data-created_by=\"avia_inline_auto\" id=\"style-css-av-6ykneq-8de2e3a80089668101419a2ff907534c\">\n.flex_column.av-6ykneq-8de2e3a80089668101419a2ff907534c{\nborder-radius:0px 0px 0px 0px;\npadding:0px 0px 0px 0px;\n}\n<\/style>\n<div  class='flex_column av-6ykneq-8de2e3a80089668101419a2ff907534c av_one_fifth  avia-builder-el-19  el_after_av_three_fifth  el_before_av_hr  flex_column_div av-zero-column-padding  '     ><\/div><\/p>\n\n<style type=\"text\/css\" data-created_by=\"avia_inline_auto\" id=\"style-css-av-6ciyvm-363347e8ad12ff9498ad190b3aabdc37\">\n#top .hr.hr-invisible.av-6ciyvm-363347e8ad12ff9498ad190b3aabdc37{\nheight:80px;\n}\n<\/style>\n<div  class='hr av-6ciyvm-363347e8ad12ff9498ad190b3aabdc37 hr-invisible  avia-builder-el-20  el_after_av_one_fifth  el_before_av_heading '><span class='hr-inner '><span class=\"hr-inner-style\"><\/span><\/span><\/div>\n\n<style type=\"text\/css\" data-created_by=\"avia_inline_auto\" id=\"style-css-av-av_heading-c35e89aa3e7138f954a75ef219c30217\">\n#top .av-special-heading.av-av_heading-c35e89aa3e7138f954a75ef219c30217{\npadding-bottom:10px;\n}\nbody .av-special-heading.av-av_heading-c35e89aa3e7138f954a75ef219c30217 .av-special-heading-tag .heading-char{\nfont-size:25px;\n}\n.av-special-heading.av-av_heading-c35e89aa3e7138f954a75ef219c30217 .av-subheading{\nfont-size:15px;\n}\n<\/style>\n<div  class='av-special-heading av-av_heading-c35e89aa3e7138f954a75ef219c30217 av-special-heading-h1 blockquote modern-quote modern-centered  avia-builder-el-21  el_after_av_hr  el_before_av_masonry_entries  avia-builder-el-last '><h1 class='av-special-heading-tag '  itemprop=\"headline\"  >Otros Proyectos<\/h1><div class=\"special-heading-border\"><div class=\"special-heading-inner-border\"><\/div><\/div><\/div>\n<div id='av-masonry-1' class='av-masonry av-2obo02-5d8151bc1d7579881dd108c86e1a1107 noHover av-fixed-size av-large-gap av-hover-overlay-active av-masonry-animation-active av-masonry-col-3 av-caption-always av-caption-style- av-masonry-entries ' data-post_id=\"7458\"><div class=\"av-masonry-container isotope av-js-disabled\"><div class='av-masonry-entry isotope-item av-masonry-item-no-image '><\/div><a href=\"https:\/\/humartech.uma.es\/iarthislab\/proyectos\/datos-abiertos-y-cartografia-de-la-informacion-textual\/\"  id='av-masonry-1-item-7497' data-av-masonry-item='7497' class='av-masonry-entry isotope-item post-7497 portfolio type-portfolio status-publish has-post-thumbnail hentry tag-cartografia tag-informacion-textual portfolio_entries-formate portfolio_entries-proyectos  av-masonry-item-with-image' title=\"Datos abiertos y cartograf\u00eda de la informaci\u00f3n textual\"   itemscope=\"itemscope\" itemtype=\"https:\/\/schema.org\/CreativeWork\" ><div class='av-inner-masonry-sizer'><\/div><figure class='av-inner-masonry main_color'><div class=\"av-masonry-outerimage-container\"><div class='av-masonry-image-container' style=\"background-image: url(https:\/\/humartech.uma.es\/iarthislab\/wp-content\/uploads\/2018\/03\/datos-abiertos-destacada.jpg);\" ><\/div><\/div><figcaption class='av-inner-masonry-content site-background'><div class='av-inner-masonry-content-pos'><div class='av-inner-masonry-content-pos-content'><div class='avia-arrow'><\/div><h3 class='av-masonry-entry-title entry-title '  itemprop=\"headline\" >Datos abiertos y cartograf\u00eda de la informaci\u00f3n textual<\/h3><\/div><\/div><\/figcaption><\/figure><\/a><!--end av-masonry entry--><a href=\"https:\/\/humartech.uma.es\/iarthislab\/proyectos\/prototipos-de-diseno-industrial-para-el-sector-turistico-cultural\/\"  id='av-masonry-1-item-7494' data-av-masonry-item='7494' class='av-masonry-entry isotope-item post-7494 portfolio type-portfolio status-publish has-post-thumbnail hentry tag-diseno-industrial portfolio_entries-formate portfolio_entries-proyectos  av-masonry-item-with-image' title=\"Prototipos de dise\u00f1o industrial para el sector tur\u00edstico-cultural\"   itemscope=\"itemscope\" itemtype=\"https:\/\/schema.org\/CreativeWork\" ><div class='av-inner-masonry-sizer'><\/div><figure class='av-inner-masonry main_color'><div class=\"av-masonry-outerimage-container\"><div class='av-masonry-image-container' style=\"background-image: url(https:\/\/humartech.uma.es\/iarthislab\/wp-content\/uploads\/2018\/03\/Prototipos-sector-turistico-cultural.jpg);\" ><\/div><\/div><figcaption class='av-inner-masonry-content site-background'><div class='av-inner-masonry-content-pos'><div class='av-inner-masonry-content-pos-content'><div class='avia-arrow'><\/div><h3 class='av-masonry-entry-title entry-title '  itemprop=\"headline\" >Prototipos de dise\u00f1o industrial para el sector tur\u00edstico-cultural<\/h3><\/div><\/div><\/figcaption><\/figure><\/a><!--end av-masonry entry--><a href=\"https:\/\/humartech.uma.es\/iarthislab\/proyectos\/star-wars-40-anos-de-rebelion\/\"  id='av-masonry-1-item-7488' data-av-masonry-item='7488' class='av-masonry-entry isotope-item post-7488 portfolio type-portfolio status-publish has-post-thumbnail hentry tag-star-wars portfolio_entries-formate  av-masonry-item-with-image' title=\"Star Wars, 40 A\u00f1os de Rebeli\u00f3n\"   itemscope=\"itemscope\" itemtype=\"https:\/\/schema.org\/CreativeWork\" ><div class='av-inner-masonry-sizer'><\/div><figure class='av-inner-masonry main_color'><div class=\"av-masonry-outerimage-container\"><div class='av-masonry-image-container' style=\"background-image: url(https:\/\/humartech.uma.es\/iarthislab\/wp-content\/uploads\/2018\/03\/Star-Wars-40-destacado.jpg);\" ><\/div><\/div><figcaption class='av-inner-masonry-content site-background'><div class='av-inner-masonry-content-pos'><div class='av-inner-masonry-content-pos-content'><div class='avia-arrow'><\/div><h3 class='av-masonry-entry-title entry-title '  itemprop=\"headline\" >Star Wars, 40 A\u00f1os de Rebeli\u00f3n<\/h3><\/div><\/div><\/figcaption><\/figure><\/a><!--end av-masonry entry--><\/div><\/div>\n","protected":false},"excerpt":{"rendered":"","protected":false},"author":1,"featured_media":7464,"comment_status":"closed","ping_status":"closed","template":"","meta":{"footnotes":""},"tags":[115],"portfolio_entries":[113],"class_list":["post-7458","portfolio","type-portfolio","status-publish","has-post-thumbnail","hentry","tag-el-palo","portfolio_entries-formate"],"_links":{"self":[{"href":"https:\/\/humartech.uma.es\/iarthislab\/wp-json\/wp\/v2\/portfolio\/7458","targetHints":{"allow":["GET"]}}],"collection":[{"href":"https:\/\/humartech.uma.es\/iarthislab\/wp-json\/wp\/v2\/portfolio"}],"about":[{"href":"https:\/\/humartech.uma.es\/iarthislab\/wp-json\/wp\/v2\/types\/portfolio"}],"author":[{"embeddable":true,"href":"https:\/\/humartech.uma.es\/iarthislab\/wp-json\/wp\/v2\/users\/1"}],"replies":[{"embeddable":true,"href":"https:\/\/humartech.uma.es\/iarthislab\/wp-json\/wp\/v2\/comments?post=7458"}],"version-history":[{"count":0,"href":"https:\/\/humartech.uma.es\/iarthislab\/wp-json\/wp\/v2\/portfolio\/7458\/revisions"}],"wp:featuredmedia":[{"embeddable":true,"href":"https:\/\/humartech.uma.es\/iarthislab\/wp-json\/wp\/v2\/media\/7464"}],"wp:attachment":[{"href":"https:\/\/humartech.uma.es\/iarthislab\/wp-json\/wp\/v2\/media?parent=7458"}],"wp:term":[{"taxonomy":"post_tag","embeddable":true,"href":"https:\/\/humartech.uma.es\/iarthislab\/wp-json\/wp\/v2\/tags?post=7458"},{"taxonomy":"portfolio_entries","embeddable":true,"href":"https:\/\/humartech.uma.es\/iarthislab\/wp-json\/wp\/v2\/portfolio_entries?post=7458"}],"curies":[{"name":"wp","href":"https:\/\/api.w.org\/{rel}","templated":true}]}}