{"id":7311,"date":"2018-03-07T11:10:21","date_gmt":"2018-03-07T11:10:21","guid":{"rendered":"https:\/\/humartech.uma.es\/iarthislab\/?page_id=7311"},"modified":"2019-05-03T17:34:44","modified_gmt":"2019-05-03T17:34:44","slug":"metodologias-de-prototipado","status":"publish","type":"page","link":"https:\/\/humartech.uma.es\/iarthislab\/formate\/metodologias-de-prototipado\/","title":{"rendered":"Metodolog\u00edas de prototipado"},"content":{"rendered":"\n<style type=\"text\/css\" data-created_by=\"avia_inline_auto\" id=\"style-css-av-p8mf33-56e8b2453f856f4d936f02f1e920bf45\">\n.avia-section.av-p8mf33-56e8b2453f856f4d936f02f1e920bf45{\nbackground-repeat:no-repeat;\nbackground-image:url(https:\/\/humartech.uma.es\/iarthislab\/wp-content\/uploads\/2018\/09\/metodologia-del-prototipado.jpg);\nbackground-position:50% 50%;\nbackground-attachment:scroll;\n}\n.avia-section.av-p8mf33-56e8b2453f856f4d936f02f1e920bf45 .av-section-color-overlay{\nopacity:0.3;\nbackground-color:#000000;\n}\n<\/style>\n<div id='av_section_1'  class='avia-section av-p8mf33-56e8b2453f856f4d936f02f1e920bf45 main_color avia-section-no-padding avia-no-border-styling  avia-builder-el-0  el_before_av_section  avia-builder-el-first  avia-bg-style-scroll av-section-color-overlay-active av-minimum-height av-minimum-height-custom av-height-custom  container_wrap sidebar_right'  data-section-bg-repeat='no-repeat' data-av_minimum_height_px='220'><div class=\"av-section-color-overlay-wrap\"><div class=\"av-section-color-overlay\"><\/div><div class='container av-section-cont-open' style='height:220px'><main  role=\"main\" itemprop=\"mainContentOfPage\"  class='template-page content  av-content-small alpha units'><div class='post-entry post-entry-type-page post-entry-7311'><div class='entry-content-wrapper clearfix'>\n\n<style type=\"text\/css\" data-created_by=\"avia_inline_auto\" id=\"style-css-av-jm3ay67s-e982c73034004849ad9c59803cfeaa06\">\n#top .av-special-heading.av-jm3ay67s-e982c73034004849ad9c59803cfeaa06{\npadding-bottom:10px;\ncolor:#ffffff;\n}\nbody .av-special-heading.av-jm3ay67s-e982c73034004849ad9c59803cfeaa06 .av-special-heading-tag .heading-char{\nfont-size:25px;\n}\n.av-special-heading.av-jm3ay67s-e982c73034004849ad9c59803cfeaa06 .special-heading-inner-border{\nborder-color:#ffffff;\n}\n.av-special-heading.av-jm3ay67s-e982c73034004849ad9c59803cfeaa06 .av-subheading{\nfont-size:15px;\n}\n<\/style>\n<div  class='av-special-heading av-jm3ay67s-e982c73034004849ad9c59803cfeaa06 av-special-heading-h2 custom-color-heading blockquote modern-quote modern-centered  avia-builder-el-1  avia-builder-el-no-sibling '><h2 class='av-special-heading-tag '  itemprop=\"headline\"  >Metodolog\u00edas de prototipado<\/h2><div class='av_custom_color av-subheading av-subheading_below'><p>Design thinking e innovaci\u00f3n tecnol\u00f3gica para el desarrollo de proyectos art\u00edstico-culturales<\/p>\n<\/div><div class=\"special-heading-border\"><div class=\"special-heading-inner-border\"><\/div><\/div><\/div>\n\n<\/div><\/div><\/main><!-- close content main element --><\/div><\/div><\/div><div id='av_section_2'  class='avia-section av-8hdan-4de1e91943b8002376100e4c31c66c97 main_color avia-section-default avia-no-shadow  avia-builder-el-2  el_after_av_section  avia-builder-el-last  avia-bg-style-scroll container_wrap sidebar_right'  ><div class='container av-section-cont-open' ><div class='template-page content  av-content-small alpha units'><div class='post-entry post-entry-type-page post-entry-7311'><div class='entry-content-wrapper clearfix'>\n\n<style type=\"text\/css\" data-created_by=\"avia_inline_auto\" id=\"style-css-av-1go5tb-8aad21ae93a964220a616bc968abf763\">\n.flex_column.av-1go5tb-8aad21ae93a964220a616bc968abf763{\nborder-radius:0px 0px 0px 0px;\npadding:0px 0px 0px 0px;\n}\n<\/style>\n<div  class='flex_column av-1go5tb-8aad21ae93a964220a616bc968abf763 av_one_half  avia-builder-el-3  el_before_av_one_half  avia-builder-el-first  first flex_column_div av-zero-column-padding  '     ><div  class='togglecontainer av-jm3ad1z4-5f907a361b03f94866db4204bd226efe  avia-builder-el-4  avia-builder-el-no-sibling ' >\n<section class='av_toggle_section av-bwyjkf-231160df6d3a63ec64b19891acd251c3'  itemscope=\"itemscope\" itemtype=\"https:\/\/schema.org\/CreativeWork\" ><div role=\"tablist\" class=\"single_toggle\" data-tags=\"{Todo} \"  ><p id='toggle-toggle-id-1' data-fake-id='#toggle-id-1' class='toggler  activeTitle av-title-above '  itemprop=\"headline\"  role='tab' tabindex='0' aria-controls='toggle-id-1' data-slide-speed=\"200\" data-title=\"C\u00f3digo\" data-title-open=\"\" data-aria_collapsed=\"Click to expand: C\u00f3digo\" data-aria_expanded=\"Click to collapse: C\u00f3digo\">C\u00f3digo<span class=\"toggle_icon\"><span class=\"vert_icon\"><\/span><span class=\"hor_icon\"><\/span><\/span><\/p><div id='toggle-id-1' aria-labelledby='toggle-toggle-id-1' role='region' class='toggle_wrap  active_tc av-title-above' style='display:block;' ><div class='toggle_content invers-color '  itemprop=\"text\" ><p class=\"p1\">Proyecto de Innovaci\u00f3n Educativa 15-188<\/p>\n<p class=\"p1\">Universidad de M\u00e1laga (2015-2017)<\/p>\n<\/div><\/div><\/div><\/section>\n<section class='av_toggle_section av-avwivj-ec29116accbc44c935e4756eca7e7f59'  itemscope=\"itemscope\" itemtype=\"https:\/\/schema.org\/CreativeWork\" ><div role=\"tablist\" class=\"single_toggle\" data-tags=\"{Todo} \"  ><p id='toggle-toggle-id-2' data-fake-id='#toggle-id-2' class='toggler  av-title-above '  itemprop=\"headline\"  role='tab' tabindex='0' aria-controls='toggle-id-2' data-slide-speed=\"200\" data-title=\"Breve descripci\u00f3n\" data-title-open=\"\" data-aria_collapsed=\"Click to expand: Breve descripci\u00f3n\" data-aria_expanded=\"Click to collapse: Breve descripci\u00f3n\">Breve descripci\u00f3n<span class=\"toggle_icon\"><span class=\"vert_icon\"><\/span><span class=\"hor_icon\"><\/span><\/span><\/p><div id='toggle-id-2' aria-labelledby='toggle-toggle-id-2' role='region' class='toggle_wrap  av-title-above'  ><div class='toggle_content invers-color '  itemprop=\"text\" ><p>El objetivo de este proyecto es expandir el tipo y naturaleza de las metodolog\u00edas docentes que habitualmente se utilizan en los procesos de ense\u00f1anza-aprendizaje, especialmente en el \u00e1mbito de las Humanidades, con el prop\u00f3sito de incrementar de manera conjunta habilidades procedimentales y cr\u00edticas eficaces tanto para ampliar las posibilidades del desarrollo profesional como para contribuir al avance del conocimiento contempor\u00e1neo de acuerdo con sus nuevos procesos de producci\u00f3n y reutilizaci\u00f3n.<span class=\"Apple-converted-space\">\u00a0\u00a0<\/span><\/p>\n<p>En este contexto, consideramos que las metodolog\u00edas asociadas a las estrategias de prototipado y al\u00a0<i>design thinking\u00a0<\/i>(\u2018pensamiento de dise\u00f1o\u2019) constituyen un medio excelente, pues ponen en funcionamiento no solo maneras de trabajar distintas, sino tambi\u00e9n formas nuevas de pensar y enfocar los problemas, lo cual es fundamental para fomentar la creatividad y la innovaci\u00f3n como principios b\u00e1sicos de la generaci\u00f3n de conocimiento. Este proyecto, adem\u00e1s, se asienta sobre una base interdisciplinar, pues uno de sus objetivos es contribuir a la disoluci\u00f3n de las fronteras que desde el siglo XVIII categorizan el conocimiento en \u00e1reas concretas o ramas afines, y que tanto dificultan el establecimiento de espacios fluidos, h\u00edbridos e interconectados, requisito indispensable para propiciar dichos procesos de innovaci\u00f3n creativa.<\/p>\n<\/div><\/div><\/div><\/section>\n<section class='av_toggle_section av-95nfv3-73291f0665b6e12c2b03e557685b3691'  itemscope=\"itemscope\" itemtype=\"https:\/\/schema.org\/CreativeWork\" ><div role=\"tablist\" class=\"single_toggle\" data-tags=\"{Todo} \"  ><p id='toggle-toggle-id-3' data-fake-id='#toggle-id-3' class='toggler  av-title-above '  itemprop=\"headline\"  role='tab' tabindex='0' aria-controls='toggle-id-3' data-slide-speed=\"200\" data-title=\"Coordinaci\u00f3n\" data-title-open=\"\" data-aria_collapsed=\"Click to expand: Coordinaci\u00f3n\" data-aria_expanded=\"Click to collapse: Coordinaci\u00f3n\">Coordinaci\u00f3n<span class=\"toggle_icon\"><span class=\"vert_icon\"><\/span><span class=\"hor_icon\"><\/span><\/span><\/p><div id='toggle-id-3' aria-labelledby='toggle-toggle-id-3' role='region' class='toggle_wrap  av-title-above'  ><div class='toggle_content invers-color '  itemprop=\"text\" ><p>Nuria Rodr\u00edguez Ortega<\/p>\n<\/div><\/div><\/div><\/section>\n<section class='av_toggle_section av-6uc96n-85aa86203eceddb1ce6e7b77c28384ed'  itemscope=\"itemscope\" itemtype=\"https:\/\/schema.org\/CreativeWork\" ><div role=\"tablist\" class=\"single_toggle\" data-tags=\"{Todo} \"  ><p id='toggle-toggle-id-4' data-fake-id='#toggle-id-4' class='toggler  av-title-above '  itemprop=\"headline\"  role='tab' tabindex='0' aria-controls='toggle-id-4' data-slide-speed=\"200\" data-title=\"Miembros\" data-title-open=\"\" data-aria_collapsed=\"Click to expand: Miembros\" data-aria_expanded=\"Click to collapse: Miembros\">Miembros<span class=\"toggle_icon\"><span class=\"vert_icon\"><\/span><span class=\"hor_icon\"><\/span><\/span><\/p><div id='toggle-id-4' aria-labelledby='toggle-toggle-id-4' role='region' class='toggle_wrap  av-title-above'  ><div class='toggle_content invers-color '  itemprop=\"text\" ><p class=\"p1\">Antonio Cruces Rodr\u00edguez (Departamento de Historia del Arte)<\/p>\n<p class=\"p1\">Jos\u00e9 Pino D\u00edaz (Departamento de Econom\u00eda y Administraci\u00f3n de Empresas)<\/p>\n<p class=\"p1\">Teresa Sauret Guerrero (Departamento de Historia del Arte. UMA)<\/p>\n<p class=\"p1\">Carmen Tenor Polo (Culturacy, S.L.)<\/p>\n<p><strong>Colaboradores:<\/strong><\/p>\n<p>Juan Luis Su\u00e1rez (CulturePlex Lab, Western Ontario University, Canad\u00e1)<\/p>\n<p>Domenico Fiormonte (Universit\u00e1 di Roma Tre)<\/p>\n<\/div><\/div><\/div><\/section>\n<section class='av_toggle_section av-5fyrov-572dc0fc90e2aadc8ee45b33edd7ccb7'  itemscope=\"itemscope\" itemtype=\"https:\/\/schema.org\/CreativeWork\" ><div role=\"tablist\" class=\"single_toggle\" data-tags=\"{Todo} \"  ><p id='toggle-toggle-id-5' data-fake-id='#toggle-id-5' class='toggler  av-title-above '  itemprop=\"headline\"  role='tab' tabindex='0' aria-controls='toggle-id-5' data-slide-speed=\"200\" data-title=\"T\u00edtulos de los participantes\" data-title-open=\"\" data-aria_collapsed=\"Click to expand: T\u00edtulos de los participantes\" data-aria_expanded=\"Click to collapse: T\u00edtulos de los participantes\">T\u00edtulos de los participantes<span class=\"toggle_icon\"><span class=\"vert_icon\"><\/span><span class=\"hor_icon\"><\/span><\/span><\/p><div id='toggle-id-5' aria-labelledby='toggle-toggle-id-5' role='region' class='toggle_wrap  av-title-above'  ><div class='toggle_content invers-color '  itemprop=\"text\" ><p class=\"p1\">Grado de Historia del Arte<\/p>\n<p class=\"p1\">M\u00e1ster en Desarrollos Sociales de la Cultura Art\u00edstica<\/p>\n<p>M\u00e1ster en Representaci\u00f3n y Dise\u00f1o en Arquitectura e Ingenier\u00eda<\/p>\n<p class=\"p1\">Grado en Ingenier\u00eda del Dise\u00f1o Industrial y Desarrollo de Producto<\/p>\n<p>Grado en Ingenier\u00eda Mec\u00e1nica + Grado en Ingenier\u00eda en Dise\u00f1o Industrial y Desarrollo del Producto<\/p>\n<p class=\"p1\">Grado de Ingenier\u00eda en la Energ\u00eda<\/p>\n<p class=\"p1\">Programa de doctorado Estudios avanzados de Humanidades<\/p>\n<\/div><\/div><\/div><\/section>\n<\/div><\/div>\n<style type=\"text\/css\" data-created_by=\"avia_inline_auto\" id=\"style-css-av-dn73z-ac20c325c228cb350e5659fd7fc34e3e\">\n.flex_column.av-dn73z-ac20c325c228cb350e5659fd7fc34e3e{\nborder-radius:0px 0px 0px 0px;\npadding:0px 0px 0px 0px;\n}\n<\/style>\n<div  class='flex_column av-dn73z-ac20c325c228cb350e5659fd7fc34e3e av_one_half  avia-builder-el-5  el_after_av_one_half  el_before_av_one_fifth  flex_column_div av-zero-column-padding  '     ><style type=\"text\/css\" data-created_by=\"avia_inline_auto\" id=\"style-css-av-jm3a9kmx-d0909056e6eb50d8f69f67db2ba3b2ea\">\n.avia-image-container.av-jm3a9kmx-d0909056e6eb50d8f69f67db2ba3b2ea img.avia_image{\nbox-shadow:none;\n}\n.avia-image-container.av-jm3a9kmx-d0909056e6eb50d8f69f67db2ba3b2ea .av-image-caption-overlay-center{\ncolor:#ffffff;\n}\n<\/style>\n<div  class='avia-image-container av-jm3a9kmx-d0909056e6eb50d8f69f67db2ba3b2ea av-styling- avia-align-center  avia-builder-el-6  avia-builder-el-no-sibling '   itemprop=\"image\" itemscope=\"itemscope\" itemtype=\"https:\/\/schema.org\/ImageObject\" ><div class=\"avia-image-container-inner\"><div class=\"avia-image-overlay-wrap\"><img decoding=\"async\" fetchpriority=\"high\" class='wp-image-8060 avia-img-lazy-loading-not-8060 avia_image ' src=\"https:\/\/humartech.uma.es\/iarthislab\/wp-content\/uploads\/2018\/09\/design-thinking-1.jpg\" alt='' title='design-thinking-1'  height=\"428\" width=\"640\"  itemprop=\"thumbnailUrl\" srcset=\"https:\/\/humartech.uma.es\/iarthislab\/wp-content\/uploads\/2018\/09\/design-thinking-1.jpg 640w, https:\/\/humartech.uma.es\/iarthislab\/wp-content\/uploads\/2018\/09\/design-thinking-1-300x201.jpg 300w\" sizes=\"(max-width: 640px) 100vw, 640px\" \/><\/div><\/div><\/div><\/div>\n<style type=\"text\/css\" data-created_by=\"avia_inline_auto\" id=\"style-css-av-mexsof-ffbbaf0bcd330a98206208e69da3dee7\">\n.flex_column.av-mexsof-ffbbaf0bcd330a98206208e69da3dee7{\nborder-radius:0px 0px 0px 0px;\npadding:0px 0px 0px 0px;\n}\n<\/style>\n<div  class='flex_column av-mexsof-ffbbaf0bcd330a98206208e69da3dee7 av_one_fifth  avia-builder-el-7  el_after_av_one_half  el_before_av_three_fifth  first flex_column_div av-zero-column-padding  column-top-margin'     ><\/div>\n<style type=\"text\/css\" data-created_by=\"avia_inline_auto\" id=\"style-css-av-kk7ymn-c114e5fa7e7318c18b03b28cd721a500\">\n.flex_column.av-kk7ymn-c114e5fa7e7318c18b03b28cd721a500{\nborder-radius:0px 0px 0px 0px;\npadding:0px 0px 0px 0px;\n}\n<\/style>\n<div  class='flex_column av-kk7ymn-c114e5fa7e7318c18b03b28cd721a500 av_three_fifth  avia-builder-el-8  el_after_av_one_fifth  el_before_av_one_fifth  flex_column_div av-zero-column-padding  column-top-margin'     ><p>\n<style type=\"text\/css\" data-created_by=\"avia_inline_auto\" id=\"style-css-av-jm3azksj-f3f197611d73e325e04e3bd484719574\">\n#top .hr.hr-invisible.av-jm3azksj-f3f197611d73e325e04e3bd484719574{\nheight:50px;\n}\n<\/style>\n<div  class='hr av-jm3azksj-f3f197611d73e325e04e3bd484719574 hr-invisible  avia-builder-el-9  el_before_av_heading  avia-builder-el-first '><span class='hr-inner '><span class=\"hr-inner-style\"><\/span><\/span><\/div><br \/>\n\n<style type=\"text\/css\" data-created_by=\"avia_inline_auto\" id=\"style-css-av-av_heading-c3de13f50739fb0315d27caab3dd0fed\">\n#top .av-special-heading.av-av_heading-c3de13f50739fb0315d27caab3dd0fed{\npadding-bottom:10px;\n}\nbody .av-special-heading.av-av_heading-c3de13f50739fb0315d27caab3dd0fed .av-special-heading-tag .heading-char{\nfont-size:25px;\n}\n.av-special-heading.av-av_heading-c3de13f50739fb0315d27caab3dd0fed .av-subheading{\nfont-size:15px;\n}\n<\/style>\n<div  class='av-special-heading av-av_heading-c3de13f50739fb0315d27caab3dd0fed av-special-heading-h2 blockquote modern-quote modern-centered  avia-builder-el-10  el_after_av_hr  el_before_av_hr '><h2 class='av-special-heading-tag '  itemprop=\"headline\"  >Actividades<\/h2><div class=\"special-heading-border\"><div class=\"special-heading-inner-border\"><\/div><\/div><\/div><br \/>\n<div  class='hr av-hmsitr-906931a004b4ec0379d143682c1b0b2d hr-short  avia-builder-el-11  el_after_av_heading  el_before_av_textblock  hr-center'><span class='hr-inner '><span class=\"hr-inner-style\"><\/span><\/span><\/div><br \/>\n<section  class='av_textblock_section av-gd8v1r-999ab779170ed04903cfcd8b9668ad76 '   itemscope=\"itemscope\" itemtype=\"https:\/\/schema.org\/CreativeWork\" ><div class='avia_textblock'  itemprop=\"text\" ><h3 class=\"vc_custom_heading\">Repensando la barriada de El Palo<\/h3>\n<div class=\"wpb_text_column \">\n<div class=\"wpb_wrapper\">\n<p class=\"p1\">Proyecto formativo promovido por el grupo de investigaci\u00f3n iArtHis_Lab (iarthis.hdplus.es) de la Universidad de M\u00e1laga en el contexto del m\u00e1ster en Desarrollos Sociales de la Cultura Art\u00edstica que coordina y organiza el Departamento de Historia del Arte. El objetivo principal del proyecto es utilizar metodolog\u00edas de prototipado y\u00a0<i>desing thinking\u00a0<\/i>para detectar problemas reales y aportar soluciones efectivas.<\/p>\n<\/div>\n<\/div>\n<\/div><\/section><br \/>\n\n<style type=\"text\/css\" data-created_by=\"avia_inline_auto\" id=\"style-css-av-esrgvz-697522f39cc072e7177e30683d95f4d1\">\n#top .hr.hr-invisible.av-esrgvz-697522f39cc072e7177e30683d95f4d1{\nheight:30px;\n}\n<\/style>\n<div  class='hr av-esrgvz-697522f39cc072e7177e30683d95f4d1 hr-invisible  avia-builder-el-13  el_after_av_textblock  el_before_av_button '><span class='hr-inner '><span class=\"hr-inner-style\"><\/span><\/span><\/div><br \/>\n<div  class='avia-button-wrap av-5kcipb-0c97b62973d00f4f6666338b86232529-wrap avia-button-center  avia-builder-el-14  el_after_av_hr  el_before_av_hr '><a href='https:\/\/humartech.uma.es\/iarthislab\/proyectos\/repensando-la-barriada-de-el-palo\/'  class='avia-button av-5kcipb-0c97b62973d00f4f6666338b86232529 av-link-btn avia-icon_select-yes-left-icon avia-size-large avia-position-center av-icon-on-hover avia-color-theme-color-highlight'   aria-label=\" Visitar el proyecto\"><span class='avia_button_icon avia_button_icon_left avia-iconfont avia-font-entypo-fontello' data-av_icon='\ue832' data-av_iconfont='entypo-fontello' ><\/span><span class='avia_iconbox_title' > Visitar el proyecto<\/span><\/a><\/div><br \/>\n\n<style type=\"text\/css\" data-created_by=\"avia_inline_auto\" id=\"style-css-av-14v4vz-f80cbb2a67eb37b4338f53a1c30ee74d\">\n#top .hr.hr-invisible.av-14v4vz-f80cbb2a67eb37b4338f53a1c30ee74d{\nheight:70px;\n}\n<\/style>\n<div  class='hr av-14v4vz-f80cbb2a67eb37b4338f53a1c30ee74d hr-invisible  avia-builder-el-15  el_after_av_button  el_before_av_textblock '><span class='hr-inner '><span class=\"hr-inner-style\"><\/span><\/span><\/div><br \/>\n<section  class='av_textblock_section av-gd8v1r-999ab779170ed04903cfcd8b9668ad76 '   itemscope=\"itemscope\" itemtype=\"https:\/\/schema.org\/CreativeWork\" ><div class='avia_textblock'  itemprop=\"text\" ><h3 class=\"vc_custom_heading\">Estudios de historiograf\u00eda art\u00edstica mediante miner\u00eda de textos y an\u00e1lisis de redes<\/h3>\n<div class=\"wpb_text_column \">\n<div class=\"wpb_wrapper\">\n<p>El prop\u00f3sito formativo de la actividad es familiarizar a los estudiantes con an\u00e1lisis relacionados con sistemas avanzados de procesamiento de datos, concretamente con aquellos vinculados a la miner\u00eda de textos (text mining), la interpretaci\u00f3n de visualizaciones complejas y las teor\u00edas de an\u00e1lisis de redes.\u00a0 As\u00ed pues, el objetivo de esta actividad es descubrir nuevos enfoques de investigaci\u00f3n historiogr\u00e1fica basados en la aplicaci\u00f3n de metodolog\u00edas innovadoras que conectan directamente con las condiciones y posibilidades de la actual sociedad de datos.<\/p>\n<\/div>\n<\/div>\n<div class=\"wpb_text_column \">\n<div class=\"wpb_wrapper\"><\/div>\n<\/div>\n<\/div><\/section><br \/>\n\n<style type=\"text\/css\" data-created_by=\"avia_inline_auto\" id=\"style-css-av-esrgvz-697522f39cc072e7177e30683d95f4d1\">\n#top .hr.hr-invisible.av-esrgvz-697522f39cc072e7177e30683d95f4d1{\nheight:30px;\n}\n<\/style>\n<div  class='hr av-esrgvz-697522f39cc072e7177e30683d95f4d1 hr-invisible  avia-builder-el-17  el_after_av_textblock  el_before_av_button '><span class='hr-inner '><span class=\"hr-inner-style\"><\/span><\/span><\/div><br \/>\n<div  class='avia-button-wrap av-5kcipb-dc7818f949583cab2d4cf3452f91b226-wrap avia-button-center  avia-builder-el-18  el_after_av_hr  el_before_av_hr '><a href='https:\/\/humartech.uma.es\/iarthislab\/proyectos\/mineria-de-textos\/'  class='avia-button av-5kcipb-dc7818f949583cab2d4cf3452f91b226 av-link-btn avia-icon_select-yes-left-icon avia-size-large avia-position-center av-icon-on-hover avia-color-theme-color-highlight'   aria-label=\" Visitar el proyecto\"><span class='avia_button_icon avia_button_icon_left avia-iconfont avia-font-entypo-fontello' data-av_icon='\ue832' data-av_iconfont='entypo-fontello' ><\/span><span class='avia_iconbox_title' > Visitar el proyecto<\/span><\/a><\/div><br \/>\n\n<style type=\"text\/css\" data-created_by=\"avia_inline_auto\" id=\"style-css-av-14v4vz-f80cbb2a67eb37b4338f53a1c30ee74d\">\n#top .hr.hr-invisible.av-14v4vz-f80cbb2a67eb37b4338f53a1c30ee74d{\nheight:70px;\n}\n<\/style>\n<div  class='hr av-14v4vz-f80cbb2a67eb37b4338f53a1c30ee74d hr-invisible  avia-builder-el-19  el_after_av_button  el_before_av_textblock '><span class='hr-inner '><span class=\"hr-inner-style\"><\/span><\/span><\/div><br \/>\n<section  class='av_textblock_section av-gd8v1r-999ab779170ed04903cfcd8b9668ad76 '   itemscope=\"itemscope\" itemtype=\"https:\/\/schema.org\/CreativeWork\" ><div class='avia_textblock'  itemprop=\"text\" ><h3 class=\"vc_custom_heading\">Pr\u00e1cticas curatoriales y prototipado<\/h3>\n<div class=\"wpb_text_column \">\n<div class=\"wpb_wrapper\">\n<p>Proyecto formativo promovido por el PIE15-188 \u00a0en el contexto del m\u00e1ster en Desarrollos Sociales de la Cultura Art\u00edstica que coordina y organiza el Departamento de Historia del Arte. \u00a0Su objetivo\u00a0es aplicar metodolog\u00edas de prototipado al dise\u00f1o y desarrollo de proyectos expositivos, combinando la aproximaci\u00f3n te\u00f3rico-cr\u00edtica y la procedimental. \u00a0Asimismo, los proyectos expositivos propuestos han girado en torno a uno de los retos globales de nuestra contemporaneidad: los problemas del medio ambiente y la sostenibilidad del planeta.<\/p>\n<\/div>\n<\/div>\n<div class=\"wpb_text_column \">\n<div class=\"wpb_wrapper\"><\/div>\n<\/div>\n<div class=\"wpb_text_column \">\n<div class=\"wpb_wrapper\"><\/div>\n<\/div>\n<\/div><\/section><br \/>\n\n<style type=\"text\/css\" data-created_by=\"avia_inline_auto\" id=\"style-css-av-esrgvz-697522f39cc072e7177e30683d95f4d1\">\n#top .hr.hr-invisible.av-esrgvz-697522f39cc072e7177e30683d95f4d1{\nheight:30px;\n}\n<\/style>\n<div  class='hr av-esrgvz-697522f39cc072e7177e30683d95f4d1 hr-invisible  avia-builder-el-21  el_after_av_textblock  el_before_av_button '><span class='hr-inner '><span class=\"hr-inner-style\"><\/span><\/span><\/div><br \/>\n<div  class='avia-button-wrap av-5kcipb-8a7119b14cf9aa1c34c95f08cdd27c8a-wrap avia-button-center  avia-builder-el-22  el_after_av_hr  el_before_av_hr '><a href='https:\/\/humartech.uma.es\/iarthislab\/proyectos\/practicas-curatoriales-y-prototipado\/'  class='avia-button av-5kcipb-8a7119b14cf9aa1c34c95f08cdd27c8a av-link-btn avia-icon_select-yes-left-icon avia-size-large avia-position-center av-icon-on-hover avia-color-theme-color-highlight'   aria-label=\" Visitar el proyecto\"><span class='avia_button_icon avia_button_icon_left avia-iconfont avia-font-entypo-fontello' data-av_icon='\ue832' data-av_iconfont='entypo-fontello' ><\/span><span class='avia_iconbox_title' > Visitar el proyecto<\/span><\/a><\/div><br \/>\n\n<style type=\"text\/css\" data-created_by=\"avia_inline_auto\" id=\"style-css-av-14v4vz-f80cbb2a67eb37b4338f53a1c30ee74d\">\n#top .hr.hr-invisible.av-14v4vz-f80cbb2a67eb37b4338f53a1c30ee74d{\nheight:70px;\n}\n<\/style>\n<div  class='hr av-14v4vz-f80cbb2a67eb37b4338f53a1c30ee74d hr-invisible  avia-builder-el-23  el_after_av_button  el_before_av_textblock '><span class='hr-inner '><span class=\"hr-inner-style\"><\/span><\/span><\/div><br \/>\n<section  class='av_textblock_section av-gd8v1r-999ab779170ed04903cfcd8b9668ad76 '   itemscope=\"itemscope\" itemtype=\"https:\/\/schema.org\/CreativeWork\" ><div class='avia_textblock'  itemprop=\"text\" ><h3 class=\"vc_custom_heading\">Prototipado de narrativas audiovisuales<\/h3>\n<div class=\"wpb_text_column \">\n<div class=\"wpb_wrapper\">\n<p>El objetivo principal del proyecto es utilizar metodolog\u00edas de prototipado para desarrollar proyectos sobre narrativas audiovisuales como alternativa a los modelos discursivos de construcci\u00f3n de relatos basados en el predominio de lo textual.\u00a0En concreto, los estudiantes han tenido\u00a0que plantearse c\u00f3mo contar una historia y\/o construir un relato utilizando las posibilidades del lenguaje y las narrativas audiovisuales.<\/p>\n<\/div>\n<\/div>\n<div class=\"wpb_text_column \">\n<div class=\"wpb_wrapper\"><\/div>\n<\/div>\n<div class=\"wpb_text_column \">\n<div class=\"wpb_wrapper\"><\/div>\n<\/div>\n<\/div><\/section><br \/>\n\n<style type=\"text\/css\" data-created_by=\"avia_inline_auto\" id=\"style-css-av-esrgvz-697522f39cc072e7177e30683d95f4d1\">\n#top .hr.hr-invisible.av-esrgvz-697522f39cc072e7177e30683d95f4d1{\nheight:30px;\n}\n<\/style>\n<div  class='hr av-esrgvz-697522f39cc072e7177e30683d95f4d1 hr-invisible  avia-builder-el-25  el_after_av_textblock  el_before_av_button '><span class='hr-inner '><span class=\"hr-inner-style\"><\/span><\/span><\/div><br \/>\n<div  class='avia-button-wrap av-5kcipb-5551a0e28f69e53859ad5cd90a4cc4a0-wrap avia-button-center  avia-builder-el-26  el_after_av_hr  el_before_av_hr '><a href='https:\/\/humartech.uma.es\/iarthislab\/proyectos\/narrativas-audiovisuales\/'  class='avia-button av-5kcipb-5551a0e28f69e53859ad5cd90a4cc4a0 av-link-btn avia-icon_select-yes-left-icon avia-size-large avia-position-center av-icon-on-hover avia-color-theme-color-highlight'   aria-label=\" Visitar el proyecto\"><span class='avia_button_icon avia_button_icon_left avia-iconfont avia-font-entypo-fontello' data-av_icon='\ue832' data-av_iconfont='entypo-fontello' ><\/span><span class='avia_iconbox_title' > Visitar el proyecto<\/span><\/a><\/div><br \/>\n\n<style type=\"text\/css\" data-created_by=\"avia_inline_auto\" id=\"style-css-av-esrgvz-44444b6c97ca29c660f5834facc89dc3\">\n#top .hr.hr-invisible.av-esrgvz-44444b6c97ca29c660f5834facc89dc3{\nheight:40px;\n}\n<\/style>\n<div  class='hr av-esrgvz-44444b6c97ca29c660f5834facc89dc3 hr-invisible  avia-builder-el-27  el_after_av_button  avia-builder-el-last '><span class='hr-inner '><span class=\"hr-inner-style\"><\/span><\/span><\/div><\/p><\/div>\n<style type=\"text\/css\" data-created_by=\"avia_inline_auto\" id=\"style-css-av-d8epb-dd55250d89df2c3bc967019baa982788\">\n.flex_column.av-d8epb-dd55250d89df2c3bc967019baa982788{\nborder-radius:0px 0px 0px 0px;\npadding:0px 0px 0px 0px;\n}\n<\/style>\n<div  class='flex_column av-d8epb-dd55250d89df2c3bc967019baa982788 av_one_fifth  avia-builder-el-28  el_after_av_three_fifth  el_before_av_hr  flex_column_div av-zero-column-padding  column-top-margin'     ><\/div>\n<style type=\"text\/css\" data-created_by=\"avia_inline_auto\" id=\"style-css-av-1x930f-13592af755621f50bfe3b5c75c553b7c\">\n#top .hr.hr-invisible.av-1x930f-13592af755621f50bfe3b5c75c553b7c{\nheight:60px;\n}\n<\/style>\n<div  class='hr av-1x930f-13592af755621f50bfe3b5c75c553b7c hr-invisible  avia-builder-el-29  el_after_av_one_fifth  avia-builder-el-last '><span class='hr-inner '><span class=\"hr-inner-style\"><\/span><\/span><\/div>\n<\/div><\/div><\/div><!-- close content main div --><\/div><\/div><div id='after_section_2'  class='main_color av_default_container_wrap container_wrap sidebar_right'  ><div class='container av-section-cont-open' ><div class='template-page content  av-content-small alpha units'><div class='post-entry post-entry-type-page post-entry-7311'><div class='entry-content-wrapper clearfix'>\n","protected":false},"excerpt":{"rendered":"","protected":false},"author":1,"featured_media":0,"parent":7297,"menu_order":0,"comment_status":"closed","ping_status":"closed","template":"","meta":{"footnotes":""},"class_list":["post-7311","page","type-page","status-publish","hentry"],"_links":{"self":[{"href":"https:\/\/humartech.uma.es\/iarthislab\/wp-json\/wp\/v2\/pages\/7311","targetHints":{"allow":["GET"]}}],"collection":[{"href":"https:\/\/humartech.uma.es\/iarthislab\/wp-json\/wp\/v2\/pages"}],"about":[{"href":"https:\/\/humartech.uma.es\/iarthislab\/wp-json\/wp\/v2\/types\/page"}],"author":[{"embeddable":true,"href":"https:\/\/humartech.uma.es\/iarthislab\/wp-json\/wp\/v2\/users\/1"}],"replies":[{"embeddable":true,"href":"https:\/\/humartech.uma.es\/iarthislab\/wp-json\/wp\/v2\/comments?post=7311"}],"version-history":[{"count":0,"href":"https:\/\/humartech.uma.es\/iarthislab\/wp-json\/wp\/v2\/pages\/7311\/revisions"}],"up":[{"embeddable":true,"href":"https:\/\/humartech.uma.es\/iarthislab\/wp-json\/wp\/v2\/pages\/7297"}],"wp:attachment":[{"href":"https:\/\/humartech.uma.es\/iarthislab\/wp-json\/wp\/v2\/media?parent=7311"}],"curies":[{"name":"wp","href":"https:\/\/api.w.org\/{rel}","templated":true}]}}