{"id":7228,"date":"2018-03-07T09:20:03","date_gmt":"2018-03-07T09:20:03","guid":{"rendered":"https:\/\/humartech.uma.es\/iarthislab\/?page_id=7228"},"modified":"2025-11-27T18:30:46","modified_gmt":"2025-11-27T18:30:46","slug":"mision-y-vision","status":"publish","type":"page","link":"https:\/\/humartech.uma.es\/iarthislab\/mision-y-vision\/","title":{"rendered":"Misi\u00f3n y visi\u00f3n"},"content":{"rendered":"\n<style type=\"text\/css\" data-created_by=\"avia_inline_auto\" id=\"style-css-av-mcb9u4-4873ed6dee5d59010f2f6665888f20ab\">\n.avia-section.av-mcb9u4-4873ed6dee5d59010f2f6665888f20ab{\nbackground-repeat:no-repeat;\nbackground-image:url(https:\/\/humartech.uma.es\/iarthislab\/wp-content\/uploads\/2018\/03\/pattern-top-400.jpg);\nbackground-position:50% 0%;\nbackground-attachment:fixed;\n}\n.avia-section.av-mcb9u4-4873ed6dee5d59010f2f6665888f20ab .av-section-color-overlay{\nopacity:0.1;\nbackground-color:#ffffff;\n}\n<\/style>\n<div id='av_section_1'  class='avia-section av-mcb9u4-4873ed6dee5d59010f2f6665888f20ab main_color avia-section-no-padding avia-no-border-styling  avia-builder-el-0  el_before_av_one_full  avia-builder-el-first  avia-bg-style-fixed av-section-color-overlay-active av-minimum-height av-minimum-height-custom av-height-custom  container_wrap sidebar_right'  data-section-bg-repeat='no-repeat' data-av_minimum_height_px='220'><div class=\"av-section-color-overlay-wrap\"><div class=\"av-section-color-overlay\"><\/div><div class='container av-section-cont-open' style='height:220px'><main  role=\"main\" itemprop=\"mainContentOfPage\"  class='template-page content  av-content-small alpha units'><div class='post-entry post-entry-type-page post-entry-7228'><div class='entry-content-wrapper clearfix'>\n\n<style type=\"text\/css\" data-created_by=\"avia_inline_auto\" id=\"style-css-av-k4bgzw-3279094a0a7a870c5e9b3d301a06955f\">\n#top .av-special-heading.av-k4bgzw-3279094a0a7a870c5e9b3d301a06955f{\npadding-bottom:10px;\ncolor:#a3191f;\n}\nbody .av-special-heading.av-k4bgzw-3279094a0a7a870c5e9b3d301a06955f .av-special-heading-tag .heading-char{\nfont-size:25px;\n}\n.av-special-heading.av-k4bgzw-3279094a0a7a870c5e9b3d301a06955f .special-heading-inner-border{\nborder-color:#a3191f;\n}\n.av-special-heading.av-k4bgzw-3279094a0a7a870c5e9b3d301a06955f .av-subheading{\nfont-size:15px;\n}\n<\/style>\n<div  class='av-special-heading av-k4bgzw-3279094a0a7a870c5e9b3d301a06955f av-special-heading-h2 custom-color-heading blockquote modern-quote  avia-builder-el-1  avia-builder-el-no-sibling '><h2 class='av-special-heading-tag '  itemprop=\"headline\"  >Misi\u00f3n y visi\u00f3n<\/h2><div class=\"special-heading-border\"><div class=\"special-heading-inner-border\"><\/div><\/div><\/div>\n<\/div><\/div><\/main><!-- close content main element --><\/div><\/div><\/div><div id='after_section_1'  class='main_color av_default_container_wrap container_wrap sidebar_right'  ><div class='container av-section-cont-open' ><div class='template-page content  av-content-small alpha units'><div class='post-entry post-entry-type-page post-entry-7228'><div class='entry-content-wrapper clearfix'>\n\n<style type=\"text\/css\" data-created_by=\"avia_inline_auto\" id=\"style-css-av-if56l8-a9fb6802bb907c5cc563d8a5236d0164\">\n.flex_column.av-if56l8-a9fb6802bb907c5cc563d8a5236d0164{\nborder-radius:0px 0px 0px 0px;\npadding:0px 0px 0px 0px;\n}\n<\/style>\n<div  class='flex_column av-if56l8-a9fb6802bb907c5cc563d8a5236d0164 av_one_full  avia-builder-el-2  el_after_av_section  el_before_av_one_full  avia-builder-el-first  first flex_column_div av-zero-column-padding  '     ><section  class='av_textblock_section av-h8jm98-dad8ac51fb9c9de25373974db809ac2e '   itemscope=\"itemscope\" itemtype=\"https:\/\/schema.org\/CreativeWork\" ><div class='avia_textblock'  itemprop=\"text\" ><h3>iArtHis_Lab es un laboratorio de investigaci\u00f3n, innovaci\u00f3n y formaci\u00f3n para el desarrollo de los estudios digitales sobre la cultura art\u00edstica, y en particular para el progreso y consolidaci\u00f3n de la Historia del Arte Digital en nuestro pa\u00eds.<\/h3>\n<p>iArtHis_Lab nace como la expresi\u00f3n de la voluntad de un grupo de profesores e investigadores vinculados del Departamento de Historia del Arte de la Universidad de M\u00e1laga de potenciar el desarrollo de la disciplina inscribi\u00e9ndola por razones de metodolog\u00eda, formato de trabajo, enfoque y docencia en el panorama cient\u00edfico y t\u00e9cnico especializado de los albores del tercer milenio.<\/p>\n<\/div><\/section><\/div>\n<style type=\"text\/css\" data-created_by=\"avia_inline_auto\" id=\"style-css-av-g7f0z0-33d848b6b9e522bffa118260f4b912c6\">\n.flex_column.av-g7f0z0-33d848b6b9e522bffa118260f4b912c6{\nborder-radius:0px 0px 0px 0px;\npadding:0px 0px 0px 0px;\n}\n<\/style>\n<div  class='flex_column av-g7f0z0-33d848b6b9e522bffa118260f4b912c6 av_one_full  avia-builder-el-4  el_after_av_one_full  el_before_av_one_full  first flex_column_div av-zero-column-padding  column-top-margin'     ><p><article  class='iconbox iconbox_left av-dyzsks-121499d5fd0a3c12834e3ceec4d93cb2  avia-builder-el-5  el_before_av_textblock  avia-builder-el-first '  itemscope=\"itemscope\" itemtype=\"https:\/\/schema.org\/CreativeWork\" ><div class=\"iconbox_content\"><header class=\"entry-content-header\" aria-label=\"Icon: Visi\u00f3n\"><div class='iconbox_icon heading-color avia-iconfont avia-font-entypo-fontello' data-av_icon='\ue826' data-av_iconfont='entypo-fontello'  ><\/div><h3 class='iconbox_content_title '  itemprop=\"headline\" >Visi\u00f3n<\/h3><\/header><div class='iconbox_content_container '  itemprop=\"text\" ><\/div><\/div><footer class=\"entry-footer\"><\/footer><\/article><br \/>\n<section  class='av_textblock_section av-cgf79o-f2fcaa80e2f3e50c7981153e97f38370 '   itemscope=\"itemscope\" itemtype=\"https:\/\/schema.org\/CreativeWork\" ><div class='avia_textblock'  itemprop=\"text\" ><p>iArtHis_Lab asume como propio el nuevo paradigma social, epistemol\u00f3gico, cultural y cr\u00edtico en el que nos encontramos. Somos conscientes de los cambios operados en la econom\u00eda del conocimiento (procesos de producci\u00f3n, distribuci\u00f3n, consumo y reutilizaci\u00f3n), en las interacciones sociales, los reg\u00edmenes de formaci\u00f3n y aprendizaje (expandido, extra-acad\u00e9mico), y en los nuevos ecosistemas y flujos de investigaci\u00f3n (colaborativos, abiertos, procesuales), donde las barreras entre lo cient\u00edfico-t\u00e9cnico, las artes y las humanidades se difuminan.<\/p>\n<p>Creemos firmemente que el \u00e1mbito de los estudios sobre la cultura art\u00edstica en general, y de la historia del arte en particular, necesitan integrar este nuevo paradigma para buscar renovados horizontes cr\u00edticos y epistemol\u00f3gicos, y tambi\u00e9n una renovada justificaci\u00f3n de su misi\u00f3n como agente activo de progreso social, desarrollo intelectual y transformaci\u00f3n cultural.<\/p>\n<p>iArtHis_Lab aspira a convertirse en un punto de referencia y en un lugar de encuentro en la tarea de contribuir al desarrollo de infraestructuras tecnol\u00f3gicas, a la implantaci\u00f3n de nuevas metodolog\u00edas de an\u00e1lisis, la elaboraci\u00f3n de modelos cr\u00edticos, y a la promoci\u00f3n de nuevas modalidades de investigaci\u00f3n que sean susceptibles de propiciar una refundaci\u00f3n de los estudios sobre la cultura art\u00edstica de acuerdo con las necesidades de las sociedades del siglo XXI y acorde con sus nuevos formas de pensamiento, comunicaci\u00f3n y comprensi\u00f3n.<\/p>\n<p>Sin embargo, detectamos algunas dificultades.<\/p>\n<p>Si bien lo que se denomina en el \u00e1mbito anglosaj\u00f3n Digital Art History disfruta actualmente de una eclosi\u00f3n sin precedentes en Estados Unidos y en el Norte de Europa, con la constituci\u00f3n de grados y posgrados espec\u00edficos, programas de investigaci\u00f3n, departamentos, centros e instituciones especializados, advertimos que en Espa\u00f1a las actuaciones que podr\u00edan ser definidas bajo la consideraci\u00f3n de \u00abHistoria de Arte Digital\u00bb son exiguas, fragmentadas y desconectadas.<\/p>\n<p>Por su parte, si bien el \u00e1mbito de las Humanidades Digitales, paraguas bajo el que sit\u00faa iArtHis_Lab -y la propia Digital Art History-, disfruta actualmente de un desarrollo global inusitado, los estudios centrados en las problem\u00e1ticas espec\u00edficas de la cultura art\u00edstica y visual son exiguos en sus foros, publicaciones y programas (m\u00e1s info aqu\u00ed).<\/p>\n<p>Adem\u00e1s, existen dificultades y obst\u00e1culos de car\u00e1cter administrativo, institucional, econ\u00f3mico y cultural que complican el desarrollo integral de una Historia del Arte Digital en el \u00e1mbito acad\u00e9mico-universitario.<\/p>\n<\/div><\/section><\/p><\/div><\/p>\n\n<style type=\"text\/css\" data-created_by=\"avia_inline_auto\" id=\"style-css-av-a8d1jw-f3a703b6f22a8ebbdef6d335a153d383\">\n.flex_column.av-a8d1jw-f3a703b6f22a8ebbdef6d335a153d383{\nborder-radius:0px 0px 0px 0px;\npadding:0px 0px 0px 0px;\n}\n<\/style>\n<div  class='flex_column av-a8d1jw-f3a703b6f22a8ebbdef6d335a153d383 av_one_full  avia-builder-el-7  el_after_av_one_full  el_before_av_one_full  first flex_column_div av-zero-column-padding  column-top-margin'     ><p><article  class='iconbox iconbox_left av-8m77gs-acd3ffce9cb944dd83fbf3c59656fd8f  avia-builder-el-8  el_before_av_textblock  avia-builder-el-first '  itemscope=\"itemscope\" itemtype=\"https:\/\/schema.org\/CreativeWork\" ><div class=\"iconbox_content\"><header class=\"entry-content-header\" aria-label=\"Icon: Misi\u00f3n\"><div class='iconbox_icon heading-color avia-iconfont avia-font-entypo-fontello' data-av_icon='\ue80a' data-av_iconfont='entypo-fontello'  ><\/div><h3 class='iconbox_content_title '  itemprop=\"headline\" >Misi\u00f3n<\/h3><\/header><div class='iconbox_content_container '  itemprop=\"text\" ><\/div><\/div><footer class=\"entry-footer\"><\/footer><\/article><br \/>\n<section  class='av_textblock_section av-7ijb58-e07646c83e134afe4c9d8bf211e8ac37 '   itemscope=\"itemscope\" itemtype=\"https:\/\/schema.org\/CreativeWork\" ><div class='avia_textblock'  itemprop=\"text\" ><p>Nuestra misi\u00f3n es afrontar los retos epistemol\u00f3gicos, metodol\u00f3gicos, institucionales y culturales que las nuevas condiciones tecnol\u00f3gicas, cient\u00edficas, intelectuales, culturales y sociales de nuestro mundo digital est\u00e1n propiciando en los procesos de an\u00e1lisis, investigaci\u00f3n, comprensi\u00f3n y recepci\u00f3n de la cultura art\u00edstica, y en particular en el \u00e1mbito de la Historia del Arte.<\/p>\n<p>Nuestra tarea se desarrolla a trav\u00e9s de las siguientes vertientes de trabajo<\/p>\n<p><strong>1. Investigaci\u00f3n e innovaci\u00f3n:<\/strong> buscamos la aplicaci\u00f3n de nuevas metodolog\u00edas de an\u00e1lisis y el desarrollo de nuevos modelos interpretativos basados en las potencialidades del medio digital, la tecnolog\u00eda inform\u00e1tica y el pensamiento computacional.<\/p>\n<p>En este sentido, adem\u00e1s,<\/p>\n<p><em><strong>a.<\/strong><\/em> trabajamos en documentos de recomendaciones que faciliten una adecuaci\u00f3n de los procedimientos institucionales y administrativos \u2013 relacionados con los procesos de evaluaci\u00f3n, acreditaci\u00f3n y calificaci\u00f3n- a las especificidades y requerimientos propios de los proyectos, investigaciones e iniciativas de base tecnol\u00f3gica y digital;<\/p>\n<p><em><strong>b.<\/strong><\/em> tambi\u00e9n trabajamos en la elaboraci\u00f3n de protocolos, procedimientos y manuales de buenas pr\u00e1cticas que orienten el dise\u00f1o, desarrollo y gesti\u00f3n de proyectos digitales en el campo hist\u00f3rico-art\u00edstico y cultural;<\/p>\n<p><em><strong>c.<\/strong><\/em> perseguimos promover la adopci\u00f3n de nuevas estrategias de investigaci\u00f3n basadas en el conocimiento abierto y compartido, la colaboraci\u00f3n, la transdisciplinariedad, la horizontalidad y la convergencia con agentes y colectivos no acad\u00e9micos;<\/p>\n<p><strong><em>d.<\/em><\/strong> incentivamos y promovemos la creaci\u00f3n de redes [ir a ReArte.Dix].<\/p>\n<p><strong>2. Formaci\u00f3n:<\/strong> Trabajamos en el dise\u00f1o de una oferta formativa destinada a proveer de una formaci\u00f3n h\u00edbrida y transdisciplinar a los futuros profesiones de la cultura art\u00edstica y visual, a fin de que estos est\u00e9n preparado para afrontar los retos de la sociedad del siglo XXI, y dispongan de las herramientas intelectuales y tecnol\u00f3gicas adecuadas para hacer avanzar el conocimiento art\u00edstico hacia nuevos horizontes. [ir a CEHAD]<\/p>\n<p><strong>3. Pensamiento cr\u00edtico:<\/strong> Aspiramos a articular una reflexi\u00f3n cr\u00edtica sobre el uso de las tecnolog\u00edas, la producci\u00f3n de contenidos art\u00edsticos y la configuraci\u00f3n de los nuevos discursos y narrativas digitales, la construcci\u00f3n de la memoria cultural globalizada, la reinvenci\u00f3n de las relaciones de poder y los nuevas formas de colonialismo cultural.<\/p>\n<p><strong>5. Emprendimiento y transferencia:<\/strong> Trabajamos para canalizar los procesos de formaci\u00f3n e investigaci\u00f3n en el campo de la historia del arte digital hacia modelos de negocio autogestionado, a trav\u00e9s de los cuales la formaci\u00f3n y la investigaci\u00f3n se trasvasen al tejido social y econ\u00f3mico de los territorios, favoreciendo la generaci\u00f3n de empleo y el progreso de las comunidades.<\/p>\n<p><strong>6. Disrupci\u00f3n acad\u00e9mica:<\/strong> Estamos convencidos de que el sistema acad\u00e9mico, tal y como est\u00e1 configurado y establecido actualmente, no responde al nuevo paradigma social, econ\u00f3mico, epistemol\u00f3gico y cr\u00edtico. Por ello, alentamos y participamos el desarrollo de iniciativas que faciliten el desmontaje de las estructuras establecidas y los \u2018contratos sociales\u2019 que constri\u00f1en el desarrollo acad\u00e9mico-universitario m\u00e1s all\u00e1 de sus propios l\u00edmites.<\/p>\n<\/div><\/section><\/p><\/div>\n\n<style type=\"text\/css\" data-created_by=\"avia_inline_auto\" id=\"style-css-av-5zda8c-57597be68067fab0bfc08d90e76c8f07\">\n.flex_column.av-5zda8c-57597be68067fab0bfc08d90e76c8f07{\nborder-radius:0px 0px 0px 0px;\npadding:0px 0px 0px 0px;\n}\n<\/style>\n<div  class='flex_column av-5zda8c-57597be68067fab0bfc08d90e76c8f07 av_one_full  avia-builder-el-10  el_after_av_one_full  avia-builder-el-last  first flex_column_div av-zero-column-padding  column-top-margin'     ><p><article  class='iconbox iconbox_left av-4p448s-d4a24d80ea4f343f198f15261fd0b684  avia-builder-el-11  el_before_av_textblock  avia-builder-el-first '  itemscope=\"itemscope\" itemtype=\"https:\/\/schema.org\/CreativeWork\" ><div class=\"iconbox_content\"><header class=\"entry-content-header\" aria-label=\"Icon: Nuestras bases\"><div class='iconbox_icon heading-color avia-iconfont avia-font-entypo-fontello' data-av_icon='\ue840' data-av_iconfont='entypo-fontello'  ><\/div><h3 class='iconbox_content_title '  itemprop=\"headline\" >Nuestras bases<\/h3><\/header><div class='iconbox_content_container '  itemprop=\"text\" ><\/div><\/div><footer class=\"entry-footer\"><\/footer><\/article><br \/>\n<section  class='av_textblock_section av-1ypldo-61fe6320d9955518394ea584f4bc0c73 '   itemscope=\"itemscope\" itemtype=\"https:\/\/schema.org\/CreativeWork\" ><div class='avia_textblock'  itemprop=\"text\" ><p><strong><em>Creemos firmemente en:<\/em><\/strong><\/p>\n<ul>\n<li>El conocimiento abierto, expandido, compartido, colaborativo y procesual<\/li>\n<li>La experimentaci\u00f3n (ensayo-error) y el pensamiento creativo como base de la innovaci\u00f3n<\/li>\n<li>La transdisciplinariedad y la hibridaci\u00f3n como fundamento de un nuevo ecosistema del conocimiento<\/li>\n<li>En las relaciones horizontales como base para la generaci\u00f3n de ideas productivas<\/li>\n<li>En la colaboraci\u00f3n continua con los agentes no acad\u00e9micos (de los que tenemos mucho que aprender) en el marco de una nueva socialidad desjerarquizada y abierta<\/li>\n<li>En el pensamiento glocal como perspectiva de an\u00e1lisis y aproximaci\u00f3n a las realidades culturales en su diversidad, heterogeneidad y diferencia<\/li>\n<li>En el trabajo en red<\/li>\n<\/ul>\n<\/div><\/section><\/p><\/div>\n","protected":false},"excerpt":{"rendered":"","protected":false},"author":1,"featured_media":0,"parent":0,"menu_order":1,"comment_status":"closed","ping_status":"closed","template":"","meta":{"footnotes":""},"class_list":["post-7228","page","type-page","status-publish","hentry"],"_links":{"self":[{"href":"https:\/\/humartech.uma.es\/iarthislab\/wp-json\/wp\/v2\/pages\/7228","targetHints":{"allow":["GET"]}}],"collection":[{"href":"https:\/\/humartech.uma.es\/iarthislab\/wp-json\/wp\/v2\/pages"}],"about":[{"href":"https:\/\/humartech.uma.es\/iarthislab\/wp-json\/wp\/v2\/types\/page"}],"author":[{"embeddable":true,"href":"https:\/\/humartech.uma.es\/iarthislab\/wp-json\/wp\/v2\/users\/1"}],"replies":[{"embeddable":true,"href":"https:\/\/humartech.uma.es\/iarthislab\/wp-json\/wp\/v2\/comments?post=7228"}],"version-history":[{"count":0,"href":"https:\/\/humartech.uma.es\/iarthislab\/wp-json\/wp\/v2\/pages\/7228\/revisions"}],"wp:attachment":[{"href":"https:\/\/humartech.uma.es\/iarthislab\/wp-json\/wp\/v2\/media?parent=7228"}],"curies":[{"name":"wp","href":"https:\/\/api.w.org\/{rel}","templated":true}]}}