{"id":7185,"date":"2018-03-05T12:02:13","date_gmt":"2018-03-05T12:02:13","guid":{"rendered":"https:\/\/humartech.uma.es\/iarthislab\/?page_id=7185"},"modified":"2018-09-15T10:53:21","modified_gmt":"2018-09-15T10:53:21","slug":"noticias","status":"publish","type":"page","link":"https:\/\/humartech.uma.es\/iarthislab\/noticias\/","title":{"rendered":"Noticias"},"content":{"rendered":"\n<style type=\"text\/css\" data-created_by=\"avia_inline_auto\" id=\"style-css-av-3vaiip-5cdabcb3ed932b023898e6a9fb0ff5b4\">\n.flex_column.av-3vaiip-5cdabcb3ed932b023898e6a9fb0ff5b4{\nborder-radius:0px 0px 0px 0px;\npadding:50px 0px 0px 0px;\n}\n<\/style>\n<div  class='flex_column av-3vaiip-5cdabcb3ed932b023898e6a9fb0ff5b4 av_one_full  avia-builder-el-0  avia-builder-el-no-sibling  first flex_column_div  '     ><div  class='av-alb-blogposts template-blog  av-blog-meta-author-disabled av-blog-meta-comments-disabled av-blog-meta-html-info-disabled '  itemscope=\"itemscope\" itemtype=\"https:\/\/schema.org\/Blog\" ><article class=\"post-entry post-entry-type-standard post-entry-9582 post-loop-1 post-parity-odd single-small  post-9582 post type-post status-publish format-standard hentry category-conferencias category-congresos-y-conferencias category-noticias tag-analisis-de-datos tag-analisis-de-redes tag-cursos-y-seminarios tag-digital-art-history tag-historia-del-arte-digital tag-humanidades-digitales tag-iarthis tag-investigacion tag-nuria-rodriguez-ortega\"  itemscope=\"itemscope\" itemtype=\"https:\/\/schema.org\/BlogPosting\" ><div class=\"blog-meta\"><a href='https:\/\/humartech.uma.es\/iarthislab\/contratiemphas\/' class='small-preview'  title=\"Simposio Internacional Contratiemp(h)as en el Tecnoceno\"   itemprop=\"image\" itemscope=\"itemscope\" itemtype=\"https:\/\/schema.org\/ImageObject\" ><span class='iconfont avia-svg-icon avia-font-svg_entypo-fontello' data-av_svg_icon='pencil' data-av_iconset='svg_entypo-fontello' ><svg version=\"1.1\" xmlns=\"http:\/\/www.w3.org\/2000\/svg\" width=\"25\" height=\"32\" viewBox=\"0 0 25 32\" preserveAspectRatio=\"xMidYMid meet\" role=\"graphics-symbol\" aria-hidden=\"true\">\n<path d=\"M22.976 5.44q1.024 1.024 1.504 2.048t0.48 1.536v0.512l-8.064 8.064-9.28 9.216-7.616 1.664 1.6-7.68 9.28-9.216 8.064-8.064q1.728-0.384 4.032 1.92zM7.168 25.92l0.768-0.768q-0.064-1.408-1.664-3.008-0.704-0.704-1.44-1.12t-1.12-0.416l-0.448-0.064-0.704 0.768-0.576 2.56q0.896 0.512 1.472 1.088 0.768 0.768 1.152 1.536z\"><\/path>\n<\/svg><\/span><\/a><\/div><div class='entry-content-wrapper clearfix standard-content'><header class=\"entry-content-header\" aria-label=\"Post: Simposio Internacional Contratiemp(h)as en el Tecnoceno\"><div class=\"av-heading-wrapper\"><span class=\"blog-categories minor-meta\"><a href=\"https:\/\/humartech.uma.es\/iarthislab\/category\/conferencias\/\" rel=\"tag\">Conferencias<\/a>, <a href=\"https:\/\/humartech.uma.es\/iarthislab\/category\/congresos-y-conferencias\/\" rel=\"tag\">Congresos y conferencias<\/a>, <a href=\"https:\/\/humartech.uma.es\/iarthislab\/category\/noticias\/\" rel=\"tag\">Noticias<\/a><\/span><h2 class='post-title entry-title '  itemprop=\"headline\" ><a href=\"https:\/\/humartech.uma.es\/iarthislab\/contratiemphas\/\" rel=\"bookmark\" title=\"Enlace permanente: Simposio Internacional Contratiemp(h)as en el Tecnoceno\">Simposio Internacional Contratiemp(h)as en el Tecnoceno<span class=\"post-format-icon minor-meta\"><\/span><\/a><\/h2><\/div><\/header><span class=\"av-vertical-delimiter\"><\/span><div class=\"entry-content\"  itemprop=\"text\" ><div class=\"read-more-link\"><a href=\"https:\/\/humartech.uma.es\/iarthislab\/contratiemphas\/\" class=\"more-link\">Leer m\u00e1s<span class='more-link-arrow avia-svg-icon avia-font-svg_entypo-fontello' data-av_svg_icon='right-open-big' data-av_iconset='svg_entypo-fontello'><svg version=\"1.1\" xmlns=\"http:\/\/www.w3.org\/2000\/svg\" width=\"15\" height=\"32\" viewBox=\"0 0 15 32\" preserveAspectRatio=\"xMidYMid meet\" role=\"graphics-symbol\" aria-hidden=\"true\">\n<path d=\"M0.416 27.84l11.456-11.84-11.456-11.904q-0.832-0.832 0-1.536 0.832-0.832 1.536 0l12.544 12.608q0.768 0.832 0 1.6l-12.544 12.608q-0.704 0.832-1.536 0-0.832-0.704 0-1.536z\"><\/path>\n<\/svg><\/span><\/a><\/div>\n<\/div><span class=\"post-meta-infos\"><time class=\"date-container minor-meta updated\"  itemprop=\"datePublished\" datetime=\"2025-10-17T20:29:13+00:00\" >octubre 17, 2025<\/time><\/span><footer class=\"entry-footer\"><\/footer><div class='post_delimiter'><\/div><\/div><div class=\"post_author_timeline\"><\/div><span class='hidden'>\n\t\t\t\t<span class='av-structured-data'  itemprop=\"image\" itemscope=\"itemscope\" itemtype=\"https:\/\/schema.org\/ImageObject\" >\n\t\t\t\t\t\t<span itemprop='url'>https:\/\/humartech.uma.es\/iarthislab\/wp-content\/uploads\/2018\/03\/iarthis_logo_uma.png<\/span>\n\t\t\t\t\t\t<span itemprop='height'>0<\/span>\n\t\t\t\t\t\t<span itemprop='width'>0<\/span>\n\t\t\t\t<\/span>\n\t\t\t\t<span class='av-structured-data'  itemprop=\"publisher\" itemtype=\"https:\/\/schema.org\/Organization\" itemscope=\"itemscope\" >\n\t\t\t\t\t\t<span itemprop='name'>Nuria Rodr\u00edguez<\/span>\n\t\t\t\t\t\t<span itemprop='logo' itemscope itemtype='https:\/\/schema.org\/ImageObject'>\n\t\t\t\t\t\t\t<span itemprop='url'>https:\/\/humartech.uma.es\/iarthislab\/wp-content\/uploads\/2018\/03\/iarthis_logo_uma.png<\/span>\n\t\t\t\t\t\t<\/span>\n\t\t\t\t<\/span><span class='av-structured-data'  itemprop=\"author\" itemscope=\"itemscope\" itemtype=\"https:\/\/schema.org\/Person\" ><span itemprop='name'>Nuria Rodr\u00edguez<\/span><\/span><span class='av-structured-data'  itemprop=\"datePublished\" datetime=\"2025-10-17T20:29:13+00:00\" >2025-10-17 20:29:13<\/span><span class='av-structured-data'  itemprop=\"dateModified\" itemtype=\"https:\/\/schema.org\/dateModified\" >2026-02-13 06:42:10<\/span><span class='av-structured-data'  itemprop=\"mainEntityOfPage\" itemtype=\"https:\/\/schema.org\/mainEntityOfPage\" ><span itemprop='name'>Simposio Internacional Contratiemp(h)as en el Tecnoceno<\/span><\/span><\/span><\/article><article class=\"post-entry post-entry-type-standard post-entry-9540 post-loop-2 post-parity-even single-small with-slider post-9540 post type-post status-publish format-standard has-post-thumbnail hentry category-courses-and-seminars category-cursos-y-seminarios category-noticias tag-analisis-de-datos tag-analisis-de-redes tag-cursos-y-seminarios tag-digital-art-history tag-historia-del-arte-digital tag-humanidades-digitales tag-iarthis tag-investigacion tag-nuria-rodriguez-ortega\"  itemscope=\"itemscope\" itemtype=\"https:\/\/schema.org\/BlogPosting\" ><div class=\"blog-meta\"><a href='https:\/\/humartech.uma.es\/iarthislab\/i-edicion-seminario-de-indicadores-de-evaluacion-cultural-y-politicas-culturales-publicas-evaluar-la-cultura-en-la-era-del-big-data-y-la-inteligencia-artificial-entre-lo-cuantitativo-y-lo-cualitati\/' class='small-preview'  title=\"indicadores de evaluaci\u00f3n cultural\"   itemprop=\"image\" itemscope=\"itemscope\" itemtype=\"https:\/\/schema.org\/ImageObject\" ><img decoding=\"async\" loading=\"lazy\" width=\"180\" height=\"180\" src=\"https:\/\/humartech.uma.es\/iarthislab\/wp-content\/uploads\/2023\/09\/indicadores-de-evaluacion-cultural-dest-180x180.jpg\" class=\"wp-image-9620 avia-img-lazy-loading-9620 attachment-square size-square wp-post-image\" alt=\"\" srcset=\"https:\/\/humartech.uma.es\/iarthislab\/wp-content\/uploads\/2023\/09\/indicadores-de-evaluacion-cultural-dest-180x180.jpg 180w, https:\/\/humartech.uma.es\/iarthislab\/wp-content\/uploads\/2023\/09\/indicadores-de-evaluacion-cultural-dest-80x80.jpg 80w, https:\/\/humartech.uma.es\/iarthislab\/wp-content\/uploads\/2023\/09\/indicadores-de-evaluacion-cultural-dest-36x36.jpg 36w\" sizes=\"auto, (max-width: 180px) 100vw, 180px\" \/><span class='iconfont avia-svg-icon avia-font-svg_entypo-fontello' data-av_svg_icon='pencil' data-av_iconset='svg_entypo-fontello' ><svg version=\"1.1\" xmlns=\"http:\/\/www.w3.org\/2000\/svg\" width=\"25\" height=\"32\" viewBox=\"0 0 25 32\" preserveAspectRatio=\"xMidYMid meet\" role=\"graphics-symbol\" aria-hidden=\"true\">\n<path d=\"M22.976 5.44q1.024 1.024 1.504 2.048t0.48 1.536v0.512l-8.064 8.064-9.28 9.216-7.616 1.664 1.6-7.68 9.28-9.216 8.064-8.064q1.728-0.384 4.032 1.92zM7.168 25.92l0.768-0.768q-0.064-1.408-1.664-3.008-0.704-0.704-1.44-1.12t-1.12-0.416l-0.448-0.064-0.704 0.768-0.576 2.56q0.896 0.512 1.472 1.088 0.768 0.768 1.152 1.536z\"><\/path>\n<\/svg><\/span><\/a><\/div><div class='entry-content-wrapper clearfix standard-content'><header class=\"entry-content-header\" aria-label=\"Post: I Edici\u00f3n. Seminario de indicadores de evaluaci\u00f3n cultural y pol\u00edticas culturales p\u00fablicas  Evaluar la cultura en la era del big data y la inteligencia artificial. Entre lo cuantitativo y lo cualitativo\"><div class=\"av-heading-wrapper\"><span class=\"blog-categories minor-meta\"><a href=\"https:\/\/humartech.uma.es\/iarthislab\/category\/courses-and-seminars\/\" rel=\"tag\">Courses and seminars<\/a>, <a href=\"https:\/\/humartech.uma.es\/iarthislab\/category\/cursos-y-seminarios\/\" rel=\"tag\">cursos y seminarios<\/a>, <a href=\"https:\/\/humartech.uma.es\/iarthislab\/category\/noticias\/\" rel=\"tag\">Noticias<\/a><\/span><h2 class='post-title entry-title '  itemprop=\"headline\" ><a href=\"https:\/\/humartech.uma.es\/iarthislab\/i-edicion-seminario-de-indicadores-de-evaluacion-cultural-y-politicas-culturales-publicas-evaluar-la-cultura-en-la-era-del-big-data-y-la-inteligencia-artificial-entre-lo-cuantitativo-y-lo-cualitati\/\" rel=\"bookmark\" title=\"Enlace permanente: I Edici\u00f3n. Seminario de indicadores de evaluaci\u00f3n cultural y pol\u00edticas culturales p\u00fablicas  Evaluar la cultura en la era del big data y la inteligencia artificial. Entre lo cuantitativo y lo cualitativo\">I Edici\u00f3n. Seminario de indicadores de evaluaci\u00f3n cultural y pol\u00edticas culturales p\u00fablicas  Evaluar la cultura en la era del big data y la inteligencia artificial. Entre lo cuantitativo y lo cualitativo<span class=\"post-format-icon minor-meta\"><\/span><\/a><\/h2><\/div><\/header><span class=\"av-vertical-delimiter\"><\/span><div class=\"entry-content\"  itemprop=\"text\" ><div class=\"read-more-link\"><a href=\"https:\/\/humartech.uma.es\/iarthislab\/i-edicion-seminario-de-indicadores-de-evaluacion-cultural-y-politicas-culturales-publicas-evaluar-la-cultura-en-la-era-del-big-data-y-la-inteligencia-artificial-entre-lo-cuantitativo-y-lo-cualitati\/\" class=\"more-link\">Leer m\u00e1s<span class='more-link-arrow avia-svg-icon avia-font-svg_entypo-fontello' data-av_svg_icon='right-open-big' data-av_iconset='svg_entypo-fontello'><svg version=\"1.1\" xmlns=\"http:\/\/www.w3.org\/2000\/svg\" width=\"15\" height=\"32\" viewBox=\"0 0 15 32\" preserveAspectRatio=\"xMidYMid meet\" role=\"graphics-symbol\" aria-hidden=\"true\">\n<path d=\"M0.416 27.84l11.456-11.84-11.456-11.904q-0.832-0.832 0-1.536 0.832-0.832 1.536 0l12.544 12.608q0.768 0.832 0 1.6l-12.544 12.608q-0.704 0.832-1.536 0-0.832-0.704 0-1.536z\"><\/path>\n<\/svg><\/span><\/a><\/div>\n<\/div><span class=\"post-meta-infos\"><time class=\"date-container minor-meta updated\"  itemprop=\"datePublished\" datetime=\"2023-09-15T15:53:41+00:00\" >septiembre 15, 2023<\/time><\/span><footer class=\"entry-footer\"><\/footer><div class='post_delimiter'><\/div><\/div><div class=\"post_author_timeline\"><\/div><span class='hidden'>\n\t\t\t\t<span class='av-structured-data'  itemprop=\"image\" itemscope=\"itemscope\" itemtype=\"https:\/\/schema.org\/ImageObject\" >\n\t\t\t\t\t\t<span itemprop='url'>https:\/\/humartech.uma.es\/iarthislab\/wp-content\/uploads\/2023\/09\/indicadores-de-evaluacion-cultural-dest.jpg<\/span>\n\t\t\t\t\t\t<span itemprop='height'>355<\/span>\n\t\t\t\t\t\t<span itemprop='width'>845<\/span>\n\t\t\t\t<\/span>\n\t\t\t\t<span class='av-structured-data'  itemprop=\"publisher\" itemtype=\"https:\/\/schema.org\/Organization\" itemscope=\"itemscope\" >\n\t\t\t\t\t\t<span itemprop='name'>Leticia Crespillo<\/span>\n\t\t\t\t\t\t<span itemprop='logo' itemscope itemtype='https:\/\/schema.org\/ImageObject'>\n\t\t\t\t\t\t\t<span itemprop='url'>https:\/\/humartech.uma.es\/iarthislab\/wp-content\/uploads\/2018\/03\/iarthis_logo_uma.png<\/span>\n\t\t\t\t\t\t<\/span>\n\t\t\t\t<\/span><span class='av-structured-data'  itemprop=\"author\" itemscope=\"itemscope\" itemtype=\"https:\/\/schema.org\/Person\" ><span itemprop='name'>Leticia Crespillo<\/span><\/span><span class='av-structured-data'  itemprop=\"datePublished\" datetime=\"2023-09-15T15:53:41+00:00\" >2023-09-15 15:53:41<\/span><span class='av-structured-data'  itemprop=\"dateModified\" itemtype=\"https:\/\/schema.org\/dateModified\" >2026-02-13 06:48:21<\/span><span class='av-structured-data'  itemprop=\"mainEntityOfPage\" itemtype=\"https:\/\/schema.org\/mainEntityOfPage\" ><span itemprop='name'>I Edici\u00f3n. Seminario de indicadores de evaluaci\u00f3n cultural y pol\u00edticas culturales p\u00fablicas  Evaluar la cultura en la era del big data y la inteligencia artificial. Entre lo cuantitativo y lo cualitativo<\/span><\/span><\/span><\/article><article class=\"post-entry post-entry-type-standard post-entry-9533 post-loop-3 post-parity-odd single-small with-slider post-9533 post type-post status-publish format-standard has-post-thumbnail hentry category-awards category-congresos-y-conferencias category-congresses-and-conferences category-noticias category-premios-2 tag-ceha tag-ceha2023 tag-congreso tag-investigacion-posdoctoral tag-manuela-garcia-lirio tag-universidad-complutense-de-madrid tag-universidad-de-granada tag-universidad-de-malaga\"  itemscope=\"itemscope\" itemtype=\"https:\/\/schema.org\/BlogPosting\" ><div class=\"blog-meta\"><a href='https:\/\/humartech.uma.es\/iarthislab\/la-investigadora-manuela-garcia-lirio-galardon-a-la-mejor-comunicacion-postdoctoral-con-el-trabajo-miradas-hacia-los-paisajes-academicos-en-andalucia-a-traves-del-patrimonio-natural-univers\/' class='small-preview'  title=\"ceha23\"   itemprop=\"image\" itemscope=\"itemscope\" itemtype=\"https:\/\/schema.org\/ImageObject\" ><img decoding=\"async\" loading=\"lazy\" width=\"180\" height=\"180\" src=\"https:\/\/humartech.uma.es\/iarthislab\/wp-content\/uploads\/2023\/06\/ceha23-180x180.jpg\" class=\"wp-image-9515 avia-img-lazy-loading-9515 attachment-square size-square wp-post-image\" alt=\"\" srcset=\"https:\/\/humartech.uma.es\/iarthislab\/wp-content\/uploads\/2023\/06\/ceha23-180x180.jpg 180w, https:\/\/humartech.uma.es\/iarthislab\/wp-content\/uploads\/2023\/06\/ceha23-80x80.jpg 80w, https:\/\/humartech.uma.es\/iarthislab\/wp-content\/uploads\/2023\/06\/ceha23-36x36.jpg 36w\" sizes=\"auto, (max-width: 180px) 100vw, 180px\" \/><span class='iconfont avia-svg-icon avia-font-svg_entypo-fontello' data-av_svg_icon='pencil' data-av_iconset='svg_entypo-fontello' ><svg version=\"1.1\" xmlns=\"http:\/\/www.w3.org\/2000\/svg\" width=\"25\" height=\"32\" viewBox=\"0 0 25 32\" preserveAspectRatio=\"xMidYMid meet\" role=\"graphics-symbol\" aria-hidden=\"true\">\n<path d=\"M22.976 5.44q1.024 1.024 1.504 2.048t0.48 1.536v0.512l-8.064 8.064-9.28 9.216-7.616 1.664 1.6-7.68 9.28-9.216 8.064-8.064q1.728-0.384 4.032 1.92zM7.168 25.92l0.768-0.768q-0.064-1.408-1.664-3.008-0.704-0.704-1.44-1.12t-1.12-0.416l-0.448-0.064-0.704 0.768-0.576 2.56q0.896 0.512 1.472 1.088 0.768 0.768 1.152 1.536z\"><\/path>\n<\/svg><\/span><\/a><\/div><div class='entry-content-wrapper clearfix standard-content'><header class=\"entry-content-header\" aria-label=\"Post: La investigadora Manuela Garc\u00eda Lirio, galard\u00f3n a la mejor comunicaci\u00f3n postdoctoral, con el trabajo \u2018Miradas hacia los paisajes acad\u00e9micos en Andaluc\u00eda a trav\u00e9s del patrimonio natural universitario\u2019\"><div class=\"av-heading-wrapper\"><span class=\"blog-categories minor-meta\"><a href=\"https:\/\/humartech.uma.es\/iarthislab\/category\/awards\/\" rel=\"tag\">Awards<\/a>, <a href=\"https:\/\/humartech.uma.es\/iarthislab\/category\/congresos-y-conferencias\/\" rel=\"tag\">Congresos y conferencias<\/a>, <a href=\"https:\/\/humartech.uma.es\/iarthislab\/category\/congresses-and-conferences\/\" rel=\"tag\">Congresses and conferences<\/a>, <a href=\"https:\/\/humartech.uma.es\/iarthislab\/category\/noticias\/\" rel=\"tag\">Noticias<\/a>, <a href=\"https:\/\/humartech.uma.es\/iarthislab\/category\/premios-2\/\" rel=\"tag\">Premios<\/a><\/span><h2 class='post-title entry-title '  itemprop=\"headline\" ><a href=\"https:\/\/humartech.uma.es\/iarthislab\/la-investigadora-manuela-garcia-lirio-galardon-a-la-mejor-comunicacion-postdoctoral-con-el-trabajo-miradas-hacia-los-paisajes-academicos-en-andalucia-a-traves-del-patrimonio-natural-univers\/\" rel=\"bookmark\" title=\"Enlace permanente: La investigadora Manuela Garc\u00eda Lirio, galard\u00f3n a la mejor comunicaci\u00f3n postdoctoral, con el trabajo \u2018Miradas hacia los paisajes acad\u00e9micos en Andaluc\u00eda a trav\u00e9s del patrimonio natural universitario\u2019\">La investigadora Manuela Garc\u00eda Lirio, galard\u00f3n a la mejor comunicaci\u00f3n postdoctoral, con el trabajo \u2018Miradas hacia los paisajes acad\u00e9micos en Andaluc\u00eda a trav\u00e9s del patrimonio natural universitario\u2019<span class=\"post-format-icon minor-meta\"><\/span><\/a><\/h2><\/div><\/header><span class=\"av-vertical-delimiter\"><\/span><div class=\"entry-content\"  itemprop=\"text\" ><div class=\"read-more-link\"><a href=\"https:\/\/humartech.uma.es\/iarthislab\/la-investigadora-manuela-garcia-lirio-galardon-a-la-mejor-comunicacion-postdoctoral-con-el-trabajo-miradas-hacia-los-paisajes-academicos-en-andalucia-a-traves-del-patrimonio-natural-univers\/\" class=\"more-link\">Leer m\u00e1s<span class='more-link-arrow avia-svg-icon avia-font-svg_entypo-fontello' data-av_svg_icon='right-open-big' data-av_iconset='svg_entypo-fontello'><svg version=\"1.1\" xmlns=\"http:\/\/www.w3.org\/2000\/svg\" width=\"15\" height=\"32\" viewBox=\"0 0 15 32\" preserveAspectRatio=\"xMidYMid meet\" role=\"graphics-symbol\" aria-hidden=\"true\">\n<path d=\"M0.416 27.84l11.456-11.84-11.456-11.904q-0.832-0.832 0-1.536 0.832-0.832 1.536 0l12.544 12.608q0.768 0.832 0 1.6l-12.544 12.608q-0.704 0.832-1.536 0-0.832-0.704 0-1.536z\"><\/path>\n<\/svg><\/span><\/a><\/div>\n<\/div><span class=\"post-meta-infos\"><time class=\"date-container minor-meta updated\"  itemprop=\"datePublished\" datetime=\"2023-07-06T10:38:19+00:00\" >julio 6, 2023<\/time><\/span><footer class=\"entry-footer\"><\/footer><div class='post_delimiter'><\/div><\/div><div class=\"post_author_timeline\"><\/div><span class='hidden'>\n\t\t\t\t<span class='av-structured-data'  itemprop=\"image\" itemscope=\"itemscope\" itemtype=\"https:\/\/schema.org\/ImageObject\" >\n\t\t\t\t\t\t<span itemprop='url'>https:\/\/humartech.uma.es\/iarthislab\/wp-content\/uploads\/2023\/06\/ceha23.jpg<\/span>\n\t\t\t\t\t\t<span itemprop='height'>1542<\/span>\n\t\t\t\t\t\t<span itemprop='width'>2048<\/span>\n\t\t\t\t<\/span>\n\t\t\t\t<span class='av-structured-data'  itemprop=\"publisher\" itemtype=\"https:\/\/schema.org\/Organization\" itemscope=\"itemscope\" >\n\t\t\t\t\t\t<span itemprop='name'>Leticia Crespillo<\/span>\n\t\t\t\t\t\t<span itemprop='logo' itemscope itemtype='https:\/\/schema.org\/ImageObject'>\n\t\t\t\t\t\t\t<span itemprop='url'>https:\/\/humartech.uma.es\/iarthislab\/wp-content\/uploads\/2018\/03\/iarthis_logo_uma.png<\/span>\n\t\t\t\t\t\t<\/span>\n\t\t\t\t<\/span><span class='av-structured-data'  itemprop=\"author\" itemscope=\"itemscope\" itemtype=\"https:\/\/schema.org\/Person\" ><span itemprop='name'>Leticia Crespillo<\/span><\/span><span class='av-structured-data'  itemprop=\"datePublished\" datetime=\"2023-07-06T10:38:19+00:00\" >2023-07-06 10:38:19<\/span><span class='av-structured-data'  itemprop=\"dateModified\" itemtype=\"https:\/\/schema.org\/dateModified\" >2023-07-06 10:38:19<\/span><span class='av-structured-data'  itemprop=\"mainEntityOfPage\" itemtype=\"https:\/\/schema.org\/mainEntityOfPage\" ><span itemprop='name'>La investigadora Manuela Garc\u00eda Lirio, galard\u00f3n a la mejor comunicaci\u00f3n postdoctoral, con el trabajo \u2018Miradas hacia los paisajes acad\u00e9micos en Andaluc\u00eda a trav\u00e9s del patrimonio natural universitario\u2019<\/span><\/span><\/span><\/article><article class=\"post-entry post-entry-type-standard post-entry-9511 post-loop-4 post-parity-even single-small with-slider post-9511 post type-post status-publish format-standard has-post-thumbnail hentry category-congresos-y-conferencias tag-ceha tag-comite-espanol-de-historia-del-arte tag-conferencias tag-congreso tag-digital-art-history tag-historia-del-arte-digital tag-iarthis tag-investigacion tag-leticia-crespillo tag-maruela-garcia-lirio tag-modelado3d tag-realidad-virtual tag-universidad-complutense-de-madrid tag-universidad-de-malaga\"  itemscope=\"itemscope\" itemtype=\"https:\/\/schema.org\/BlogPosting\" ><div class=\"blog-meta\"><a href='https:\/\/humartech.uma.es\/iarthislab\/xxiv-congreso-comite-espanol-de-historia-del-arte-paisajes-natura-potentior-ars-arte-naturaleza-y-ciencias-para-una-disciplina-del-siglo-xxi\/' class='small-preview'  title=\"cehacabecera_23\"   itemprop=\"image\" itemscope=\"itemscope\" itemtype=\"https:\/\/schema.org\/ImageObject\" ><img decoding=\"async\" loading=\"lazy\" width=\"180\" height=\"180\" src=\"https:\/\/humartech.uma.es\/iarthislab\/wp-content\/uploads\/2023\/06\/cehacabecera_23-180x180.png\" class=\"wp-image-9516 avia-img-lazy-loading-9516 attachment-square size-square wp-post-image\" alt=\"\" srcset=\"https:\/\/humartech.uma.es\/iarthislab\/wp-content\/uploads\/2023\/06\/cehacabecera_23-180x180.png 180w, https:\/\/humartech.uma.es\/iarthislab\/wp-content\/uploads\/2023\/06\/cehacabecera_23-80x80.png 80w, https:\/\/humartech.uma.es\/iarthislab\/wp-content\/uploads\/2023\/06\/cehacabecera_23-36x36.png 36w\" sizes=\"auto, (max-width: 180px) 100vw, 180px\" \/><span class='iconfont avia-svg-icon avia-font-svg_entypo-fontello' data-av_svg_icon='pencil' data-av_iconset='svg_entypo-fontello' ><svg version=\"1.1\" xmlns=\"http:\/\/www.w3.org\/2000\/svg\" width=\"25\" height=\"32\" viewBox=\"0 0 25 32\" preserveAspectRatio=\"xMidYMid meet\" role=\"graphics-symbol\" aria-hidden=\"true\">\n<path d=\"M22.976 5.44q1.024 1.024 1.504 2.048t0.48 1.536v0.512l-8.064 8.064-9.28 9.216-7.616 1.664 1.6-7.68 9.28-9.216 8.064-8.064q1.728-0.384 4.032 1.92zM7.168 25.92l0.768-0.768q-0.064-1.408-1.664-3.008-0.704-0.704-1.44-1.12t-1.12-0.416l-0.448-0.064-0.704 0.768-0.576 2.56q0.896 0.512 1.472 1.088 0.768 0.768 1.152 1.536z\"><\/path>\n<\/svg><\/span><\/a><\/div><div class='entry-content-wrapper clearfix standard-content'><header class=\"entry-content-header\" aria-label=\"Post: XXIV CONGRESO COMIT\u00c9 ESPA\u00d1OL DE HISTORIA DEL ARTE: PAISAJES. Natura Potentior Ars: arte, naturaleza y ciencias para una disciplina del siglo XXI\"><div class=\"av-heading-wrapper\"><span class=\"blog-categories minor-meta\"><a href=\"https:\/\/humartech.uma.es\/iarthislab\/category\/congresos-y-conferencias\/\" rel=\"tag\">Congresos y conferencias<\/a><\/span><h2 class='post-title entry-title '  itemprop=\"headline\" ><a href=\"https:\/\/humartech.uma.es\/iarthislab\/xxiv-congreso-comite-espanol-de-historia-del-arte-paisajes-natura-potentior-ars-arte-naturaleza-y-ciencias-para-una-disciplina-del-siglo-xxi\/\" rel=\"bookmark\" title=\"Enlace permanente: XXIV CONGRESO COMIT\u00c9 ESPA\u00d1OL DE HISTORIA DEL ARTE: PAISAJES. Natura Potentior Ars: arte, naturaleza y ciencias para una disciplina del siglo XXI\">XXIV CONGRESO COMIT\u00c9 ESPA\u00d1OL DE HISTORIA DEL ARTE: PAISAJES. Natura Potentior Ars: arte, naturaleza y ciencias para una disciplina del siglo XXI<span class=\"post-format-icon minor-meta\"><\/span><\/a><\/h2><\/div><\/header><span class=\"av-vertical-delimiter\"><\/span><div class=\"entry-content\"  itemprop=\"text\" ><div class=\"read-more-link\"><a href=\"https:\/\/humartech.uma.es\/iarthislab\/xxiv-congreso-comite-espanol-de-historia-del-arte-paisajes-natura-potentior-ars-arte-naturaleza-y-ciencias-para-una-disciplina-del-siglo-xxi\/\" class=\"more-link\">Leer m\u00e1s<span class='more-link-arrow avia-svg-icon avia-font-svg_entypo-fontello' data-av_svg_icon='right-open-big' data-av_iconset='svg_entypo-fontello'><svg version=\"1.1\" xmlns=\"http:\/\/www.w3.org\/2000\/svg\" width=\"15\" height=\"32\" viewBox=\"0 0 15 32\" preserveAspectRatio=\"xMidYMid meet\" role=\"graphics-symbol\" aria-hidden=\"true\">\n<path d=\"M0.416 27.84l11.456-11.84-11.456-11.904q-0.832-0.832 0-1.536 0.832-0.832 1.536 0l12.544 12.608q0.768 0.832 0 1.6l-12.544 12.608q-0.704 0.832-1.536 0-0.832-0.704 0-1.536z\"><\/path>\n<\/svg><\/span><\/a><\/div>\n<\/div><span class=\"post-meta-infos\"><time class=\"date-container minor-meta updated\"  itemprop=\"datePublished\" datetime=\"2023-06-22T10:12:25+00:00\" >junio 22, 2023<\/time><\/span><footer class=\"entry-footer\"><\/footer><div class='post_delimiter'><\/div><\/div><div class=\"post_author_timeline\"><\/div><span class='hidden'>\n\t\t\t\t<span class='av-structured-data'  itemprop=\"image\" itemscope=\"itemscope\" itemtype=\"https:\/\/schema.org\/ImageObject\" >\n\t\t\t\t\t\t<span itemprop='url'>https:\/\/humartech.uma.es\/iarthislab\/wp-content\/uploads\/2023\/06\/cehacabecera_23.png<\/span>\n\t\t\t\t\t\t<span itemprop='height'>400<\/span>\n\t\t\t\t\t\t<span itemprop='width'>1025<\/span>\n\t\t\t\t<\/span>\n\t\t\t\t<span class='av-structured-data'  itemprop=\"publisher\" itemtype=\"https:\/\/schema.org\/Organization\" itemscope=\"itemscope\" >\n\t\t\t\t\t\t<span itemprop='name'>Leticia Crespillo<\/span>\n\t\t\t\t\t\t<span itemprop='logo' itemscope itemtype='https:\/\/schema.org\/ImageObject'>\n\t\t\t\t\t\t\t<span itemprop='url'>https:\/\/humartech.uma.es\/iarthislab\/wp-content\/uploads\/2018\/03\/iarthis_logo_uma.png<\/span>\n\t\t\t\t\t\t<\/span>\n\t\t\t\t<\/span><span class='av-structured-data'  itemprop=\"author\" itemscope=\"itemscope\" itemtype=\"https:\/\/schema.org\/Person\" ><span itemprop='name'>Leticia Crespillo<\/span><\/span><span class='av-structured-data'  itemprop=\"datePublished\" datetime=\"2023-06-22T10:12:25+00:00\" >2023-06-22 10:12:25<\/span><span class='av-structured-data'  itemprop=\"dateModified\" itemtype=\"https:\/\/schema.org\/dateModified\" >2023-06-22 10:12:25<\/span><span class='av-structured-data'  itemprop=\"mainEntityOfPage\" itemtype=\"https:\/\/schema.org\/mainEntityOfPage\" ><span itemprop='name'>XXIV CONGRESO COMIT\u00c9 ESPA\u00d1OL DE HISTORIA DEL ARTE: PAISAJES. Natura Potentior Ars: arte, naturaleza y ciencias para una disciplina del siglo XXI<\/span><\/span><\/span><\/article><article class=\"post-entry post-entry-type-standard post-entry-9503 post-loop-5 post-parity-odd single-small with-slider post-9503 post type-post status-publish format-standard has-post-thumbnail hentry category-andalucia category-congresos-y-conferencias category-congresses-and-conferences category-iarthislabenlosmedios category-iarthis-lab-in-the-media category-noticias category-sin-categorizar tag-accesibilidad tag-andalucia tag-conferencias tag-digital-art-history tag-discapacidad-visual tag-fcsh-nova-lisboa tag-humanidades-digitales tag-iarthis tag-instituto-de-historia-da-arte tag-investigacion tag-jovenes-investigadores tag-leticia-crespillo tag-lisboa tag-o-grupo-do-leao tag-patricia-roque-martins tag-prototipado tag-realidad-virtual tag-transdisciplinariedad tag-universidad-de-malaga\"  itemscope=\"itemscope\" itemtype=\"https:\/\/schema.org\/BlogPosting\" ><div class=\"blog-meta\"><a href='https:\/\/humartech.uma.es\/iarthislab\/i-congreso-talento-ciencia-y-juventud-diputacion-de-malaga-universidad-de-malaga\/' class='small-preview'  title=\"diputacion_23congress\"   itemprop=\"image\" itemscope=\"itemscope\" itemtype=\"https:\/\/schema.org\/ImageObject\" ><img decoding=\"async\" loading=\"lazy\" width=\"180\" height=\"180\" src=\"https:\/\/humartech.uma.es\/iarthislab\/wp-content\/uploads\/2023\/06\/diputacion_23congress-180x180.webp\" class=\"wp-image-9505 avia-img-lazy-loading-9505 attachment-square size-square wp-post-image\" alt=\"\" srcset=\"https:\/\/humartech.uma.es\/iarthislab\/wp-content\/uploads\/2023\/06\/diputacion_23congress-180x180.webp 180w, https:\/\/humartech.uma.es\/iarthislab\/wp-content\/uploads\/2023\/06\/diputacion_23congress-80x80.webp 80w, https:\/\/humartech.uma.es\/iarthislab\/wp-content\/uploads\/2023\/06\/diputacion_23congress-36x36.webp 36w\" sizes=\"auto, (max-width: 180px) 100vw, 180px\" \/><span class='iconfont avia-svg-icon avia-font-svg_entypo-fontello' data-av_svg_icon='pencil' data-av_iconset='svg_entypo-fontello' ><svg version=\"1.1\" xmlns=\"http:\/\/www.w3.org\/2000\/svg\" width=\"25\" height=\"32\" viewBox=\"0 0 25 32\" preserveAspectRatio=\"xMidYMid meet\" role=\"graphics-symbol\" aria-hidden=\"true\">\n<path d=\"M22.976 5.44q1.024 1.024 1.504 2.048t0.48 1.536v0.512l-8.064 8.064-9.28 9.216-7.616 1.664 1.6-7.68 9.28-9.216 8.064-8.064q1.728-0.384 4.032 1.92zM7.168 25.92l0.768-0.768q-0.064-1.408-1.664-3.008-0.704-0.704-1.44-1.12t-1.12-0.416l-0.448-0.064-0.704 0.768-0.576 2.56q0.896 0.512 1.472 1.088 0.768 0.768 1.152 1.536z\"><\/path>\n<\/svg><\/span><\/a><\/div><div class='entry-content-wrapper clearfix standard-content'><header class=\"entry-content-header\" aria-label=\"Post: I Congreso Talento, Ciencia y Juventud. Diputaci\u00f3n de M\u00e1laga \/ Universidad de M\u00e1laga\"><div class=\"av-heading-wrapper\"><span class=\"blog-categories minor-meta\"><a href=\"https:\/\/humartech.uma.es\/iarthislab\/category\/andalucia\/\" rel=\"tag\">Andaluc\u00eda<\/a>, <a href=\"https:\/\/humartech.uma.es\/iarthislab\/category\/congresos-y-conferencias\/\" rel=\"tag\">Congresos y conferencias<\/a>, <a href=\"https:\/\/humartech.uma.es\/iarthislab\/category\/congresses-and-conferences\/\" rel=\"tag\">Congresses and conferences<\/a>, <a href=\"https:\/\/humartech.uma.es\/iarthislab\/category\/iarthislabenlosmedios\/\" rel=\"tag\">iArtHis.LAB en los medios<\/a>, <a href=\"https:\/\/humartech.uma.es\/iarthislab\/category\/iarthis-lab-in-the-media\/\" rel=\"tag\">iArtHis.LAB in the media<\/a>, <a href=\"https:\/\/humartech.uma.es\/iarthislab\/category\/noticias\/\" rel=\"tag\">Noticias<\/a>, <a href=\"https:\/\/humartech.uma.es\/iarthislab\/category\/sin-categorizar\/\" rel=\"tag\">Sin categorizar<\/a><\/span><h2 class='post-title entry-title '  itemprop=\"headline\" ><a href=\"https:\/\/humartech.uma.es\/iarthislab\/i-congreso-talento-ciencia-y-juventud-diputacion-de-malaga-universidad-de-malaga\/\" rel=\"bookmark\" title=\"Enlace permanente: I Congreso Talento, Ciencia y Juventud. Diputaci\u00f3n de M\u00e1laga \/ Universidad de M\u00e1laga\">I Congreso Talento, Ciencia y Juventud. Diputaci\u00f3n de M\u00e1laga \/ Universidad de M\u00e1laga<span class=\"post-format-icon minor-meta\"><\/span><\/a><\/h2><\/div><\/header><span class=\"av-vertical-delimiter\"><\/span><div class=\"entry-content\"  itemprop=\"text\" ><div class=\"read-more-link\"><a href=\"https:\/\/humartech.uma.es\/iarthislab\/i-congreso-talento-ciencia-y-juventud-diputacion-de-malaga-universidad-de-malaga\/\" class=\"more-link\">Leer m\u00e1s<span class='more-link-arrow avia-svg-icon avia-font-svg_entypo-fontello' data-av_svg_icon='right-open-big' data-av_iconset='svg_entypo-fontello'><svg version=\"1.1\" xmlns=\"http:\/\/www.w3.org\/2000\/svg\" width=\"15\" height=\"32\" viewBox=\"0 0 15 32\" preserveAspectRatio=\"xMidYMid meet\" role=\"graphics-symbol\" aria-hidden=\"true\">\n<path d=\"M0.416 27.84l11.456-11.84-11.456-11.904q-0.832-0.832 0-1.536 0.832-0.832 1.536 0l12.544 12.608q0.768 0.832 0 1.6l-12.544 12.608q-0.704 0.832-1.536 0-0.832-0.704 0-1.536z\"><\/path>\n<\/svg><\/span><\/a><\/div>\n<\/div><span class=\"post-meta-infos\"><time class=\"date-container minor-meta updated\"  itemprop=\"datePublished\" datetime=\"2023-06-08T11:55:34+00:00\" >junio 8, 2023<\/time><\/span><footer class=\"entry-footer\"><\/footer><div class='post_delimiter'><\/div><\/div><div class=\"post_author_timeline\"><\/div><span class='hidden'>\n\t\t\t\t<span class='av-structured-data'  itemprop=\"image\" itemscope=\"itemscope\" itemtype=\"https:\/\/schema.org\/ImageObject\" >\n\t\t\t\t\t\t<span itemprop='url'>https:\/\/humartech.uma.es\/iarthislab\/wp-content\/uploads\/2023\/06\/diputacion_23congress.webp<\/span>\n\t\t\t\t\t\t<span itemprop='height'>1240<\/span>\n\t\t\t\t\t\t<span itemprop='width'>1550<\/span>\n\t\t\t\t<\/span>\n\t\t\t\t<span class='av-structured-data'  itemprop=\"publisher\" itemtype=\"https:\/\/schema.org\/Organization\" itemscope=\"itemscope\" >\n\t\t\t\t\t\t<span itemprop='name'>Leticia Crespillo<\/span>\n\t\t\t\t\t\t<span itemprop='logo' itemscope itemtype='https:\/\/schema.org\/ImageObject'>\n\t\t\t\t\t\t\t<span itemprop='url'>https:\/\/humartech.uma.es\/iarthislab\/wp-content\/uploads\/2018\/03\/iarthis_logo_uma.png<\/span>\n\t\t\t\t\t\t<\/span>\n\t\t\t\t<\/span><span class='av-structured-data'  itemprop=\"author\" itemscope=\"itemscope\" itemtype=\"https:\/\/schema.org\/Person\" ><span itemprop='name'>Leticia Crespillo<\/span><\/span><span class='av-structured-data'  itemprop=\"datePublished\" datetime=\"2023-06-08T11:55:34+00:00\" >2023-06-08 11:55:34<\/span><span class='av-structured-data'  itemprop=\"dateModified\" itemtype=\"https:\/\/schema.org\/dateModified\" >2023-06-08 11:55:34<\/span><span class='av-structured-data'  itemprop=\"mainEntityOfPage\" itemtype=\"https:\/\/schema.org\/mainEntityOfPage\" ><span itemprop='name'>I Congreso Talento, Ciencia y Juventud. Diputaci\u00f3n de M\u00e1laga \/ Universidad de M\u00e1laga<\/span><\/span><\/span><\/article><article class=\"post-entry post-entry-type-standard post-entry-9480 post-loop-6 post-parity-even single-small with-slider post-9480 post type-post status-publish format-standard has-post-thumbnail hentry category-noticias category-projects category-workshops tag-digital-art-history tag-discapacidad-visual tag-fcsh-nova-lisboa tag-grupo-must tag-historia-del-arte-digital tag-instituto-de-historia-da-arte tag-investigacion tag-leticia-crespillo tag-mnac tag-museografia tag-o-grupo-do-leao tag-patricia-roque-martins tag-prototipado tag-seed-project tag-universidad-de-malaga tag-workshop\"  itemscope=\"itemscope\" itemtype=\"https:\/\/schema.org\/BlogPosting\" ><div class=\"blog-meta\"><a href='https:\/\/humartech.uma.es\/iarthislab\/workshop-en-el-marco-del-titulo-propio-de-auxiliar-de-entornos-culturales-para-personas-con-discapacidad-intelectual\/' class='small-preview'  title=\"Auxiliar de Entornos Culturales dest\"   itemprop=\"image\" itemscope=\"itemscope\" itemtype=\"https:\/\/schema.org\/ImageObject\" ><img decoding=\"async\" loading=\"lazy\" width=\"180\" height=\"180\" src=\"https:\/\/humartech.uma.es\/iarthislab\/wp-content\/uploads\/2023\/05\/Auxiliar-de-Entornos-Culturales-dest-180x180.jpg\" class=\"wp-image-9625 avia-img-lazy-loading-9625 attachment-square size-square wp-post-image\" alt=\"\" srcset=\"https:\/\/humartech.uma.es\/iarthislab\/wp-content\/uploads\/2023\/05\/Auxiliar-de-Entornos-Culturales-dest-180x180.jpg 180w, https:\/\/humartech.uma.es\/iarthislab\/wp-content\/uploads\/2023\/05\/Auxiliar-de-Entornos-Culturales-dest-80x80.jpg 80w, https:\/\/humartech.uma.es\/iarthislab\/wp-content\/uploads\/2023\/05\/Auxiliar-de-Entornos-Culturales-dest-36x36.jpg 36w\" sizes=\"auto, (max-width: 180px) 100vw, 180px\" \/><span class='iconfont avia-svg-icon avia-font-svg_entypo-fontello' data-av_svg_icon='pencil' data-av_iconset='svg_entypo-fontello' ><svg version=\"1.1\" xmlns=\"http:\/\/www.w3.org\/2000\/svg\" width=\"25\" height=\"32\" viewBox=\"0 0 25 32\" preserveAspectRatio=\"xMidYMid meet\" role=\"graphics-symbol\" aria-hidden=\"true\">\n<path d=\"M22.976 5.44q1.024 1.024 1.504 2.048t0.48 1.536v0.512l-8.064 8.064-9.28 9.216-7.616 1.664 1.6-7.68 9.28-9.216 8.064-8.064q1.728-0.384 4.032 1.92zM7.168 25.92l0.768-0.768q-0.064-1.408-1.664-3.008-0.704-0.704-1.44-1.12t-1.12-0.416l-0.448-0.064-0.704 0.768-0.576 2.56q0.896 0.512 1.472 1.088 0.768 0.768 1.152 1.536z\"><\/path>\n<\/svg><\/span><\/a><\/div><div class='entry-content-wrapper clearfix standard-content'><header class=\"entry-content-header\" aria-label=\"Post: Workshop &#8211; Auxiliar de Entornos Culturales para personas con discapacidad intelectual\"><div class=\"av-heading-wrapper\"><span class=\"blog-categories minor-meta\"><a href=\"https:\/\/humartech.uma.es\/iarthislab\/category\/noticias\/\" rel=\"tag\">Noticias<\/a>, <a href=\"https:\/\/humartech.uma.es\/iarthislab\/category\/projects\/\" rel=\"tag\">Projects<\/a>, <a href=\"https:\/\/humartech.uma.es\/iarthislab\/category\/workshops\/\" rel=\"tag\">Workshops<\/a><\/span><h2 class='post-title entry-title '  itemprop=\"headline\" ><a href=\"https:\/\/humartech.uma.es\/iarthislab\/workshop-en-el-marco-del-titulo-propio-de-auxiliar-de-entornos-culturales-para-personas-con-discapacidad-intelectual\/\" rel=\"bookmark\" title=\"Enlace permanente: Workshop &#8211; Auxiliar de Entornos Culturales para personas con discapacidad intelectual\">Workshop &#8211; Auxiliar de Entornos Culturales para personas con discapacidad intelectual<span class=\"post-format-icon minor-meta\"><\/span><\/a><\/h2><\/div><\/header><span class=\"av-vertical-delimiter\"><\/span><div class=\"entry-content\"  itemprop=\"text\" ><div class=\"read-more-link\"><a href=\"https:\/\/humartech.uma.es\/iarthislab\/workshop-en-el-marco-del-titulo-propio-de-auxiliar-de-entornos-culturales-para-personas-con-discapacidad-intelectual\/\" class=\"more-link\">Leer m\u00e1s<span class='more-link-arrow avia-svg-icon avia-font-svg_entypo-fontello' data-av_svg_icon='right-open-big' data-av_iconset='svg_entypo-fontello'><svg version=\"1.1\" xmlns=\"http:\/\/www.w3.org\/2000\/svg\" width=\"15\" height=\"32\" viewBox=\"0 0 15 32\" preserveAspectRatio=\"xMidYMid meet\" role=\"graphics-symbol\" aria-hidden=\"true\">\n<path d=\"M0.416 27.84l11.456-11.84-11.456-11.904q-0.832-0.832 0-1.536 0.832-0.832 1.536 0l12.544 12.608q0.768 0.832 0 1.6l-12.544 12.608q-0.704 0.832-1.536 0-0.832-0.704 0-1.536z\"><\/path>\n<\/svg><\/span><\/a><\/div>\n<\/div><span class=\"post-meta-infos\"><time class=\"date-container minor-meta updated\"  itemprop=\"datePublished\" datetime=\"2023-05-07T19:28:09+00:00\" >mayo 7, 2023<\/time><\/span><footer class=\"entry-footer\"><\/footer><div class='post_delimiter'><\/div><\/div><div class=\"post_author_timeline\"><\/div><span class='hidden'>\n\t\t\t\t<span class='av-structured-data'  itemprop=\"image\" itemscope=\"itemscope\" itemtype=\"https:\/\/schema.org\/ImageObject\" >\n\t\t\t\t\t\t<span itemprop='url'>https:\/\/humartech.uma.es\/iarthislab\/wp-content\/uploads\/2023\/05\/Auxiliar-de-Entornos-Culturales-dest.jpg<\/span>\n\t\t\t\t\t\t<span itemprop='height'>450<\/span>\n\t\t\t\t\t\t<span itemprop='width'>800<\/span>\n\t\t\t\t<\/span>\n\t\t\t\t<span class='av-structured-data'  itemprop=\"publisher\" itemtype=\"https:\/\/schema.org\/Organization\" itemscope=\"itemscope\" >\n\t\t\t\t\t\t<span itemprop='name'>Leticia Crespillo<\/span>\n\t\t\t\t\t\t<span itemprop='logo' itemscope itemtype='https:\/\/schema.org\/ImageObject'>\n\t\t\t\t\t\t\t<span itemprop='url'>https:\/\/humartech.uma.es\/iarthislab\/wp-content\/uploads\/2018\/03\/iarthis_logo_uma.png<\/span>\n\t\t\t\t\t\t<\/span>\n\t\t\t\t<\/span><span class='av-structured-data'  itemprop=\"author\" itemscope=\"itemscope\" itemtype=\"https:\/\/schema.org\/Person\" ><span itemprop='name'>Leticia Crespillo<\/span><\/span><span class='av-structured-data'  itemprop=\"datePublished\" datetime=\"2023-05-07T19:28:09+00:00\" >2023-05-07 19:28:09<\/span><span class='av-structured-data'  itemprop=\"dateModified\" itemtype=\"https:\/\/schema.org\/dateModified\" >2026-02-13 06:50:49<\/span><span class='av-structured-data'  itemprop=\"mainEntityOfPage\" itemtype=\"https:\/\/schema.org\/mainEntityOfPage\" ><span itemprop='name'>Workshop &#8211; Auxiliar de Entornos Culturales para personas con discapacidad intelectual<\/span><\/span><\/span><\/article><article class=\"post-entry post-entry-type-standard post-entry-9435 post-loop-7 post-parity-odd single-small with-slider post-9435 post type-post status-publish format-standard has-post-thumbnail hentry category-exhibitions category-exposiciones category-iarthislabenlosmedios category-proyectos category-transuma tag-ana-frank tag-art-exhibitions tag-ecologia-sensorial tag-galeria-central tag-iarthis tag-innovacion-docente tag-mdsca2023 tag-modesta-di-paola tag-practicas-curatoriales tag-sostenibilidad tag-steam-h\"  itemscope=\"itemscope\" itemtype=\"https:\/\/schema.org\/BlogPosting\" ><div class=\"blog-meta\"><a href='https:\/\/humartech.uma.es\/iarthislab\/galeria-central-estrena-la-exposicion-ecologia-sensorial\/' class='small-preview'  title=\"frxhj36x0ba-d4f\"   itemprop=\"image\" itemscope=\"itemscope\" itemtype=\"https:\/\/schema.org\/ImageObject\" ><img decoding=\"async\" loading=\"lazy\" width=\"180\" height=\"180\" src=\"https:\/\/humartech.uma.es\/iarthislab\/wp-content\/uploads\/2023\/03\/frxhj36x0ba-d4f-180x180.jpg\" class=\"wp-image-9440 avia-img-lazy-loading-9440 attachment-square size-square wp-post-image\" alt=\"\" srcset=\"https:\/\/humartech.uma.es\/iarthislab\/wp-content\/uploads\/2023\/03\/frxhj36x0ba-d4f-180x180.jpg 180w, https:\/\/humartech.uma.es\/iarthislab\/wp-content\/uploads\/2023\/03\/frxhj36x0ba-d4f-80x80.jpg 80w, https:\/\/humartech.uma.es\/iarthislab\/wp-content\/uploads\/2023\/03\/frxhj36x0ba-d4f-36x36.jpg 36w\" sizes=\"auto, (max-width: 180px) 100vw, 180px\" \/><span class='iconfont avia-svg-icon avia-font-svg_entypo-fontello' data-av_svg_icon='pencil' data-av_iconset='svg_entypo-fontello' ><svg version=\"1.1\" xmlns=\"http:\/\/www.w3.org\/2000\/svg\" width=\"25\" height=\"32\" viewBox=\"0 0 25 32\" preserveAspectRatio=\"xMidYMid meet\" role=\"graphics-symbol\" aria-hidden=\"true\">\n<path d=\"M22.976 5.44q1.024 1.024 1.504 2.048t0.48 1.536v0.512l-8.064 8.064-9.28 9.216-7.616 1.664 1.6-7.68 9.28-9.216 8.064-8.064q1.728-0.384 4.032 1.92zM7.168 25.92l0.768-0.768q-0.064-1.408-1.664-3.008-0.704-0.704-1.44-1.12t-1.12-0.416l-0.448-0.064-0.704 0.768-0.576 2.56q0.896 0.512 1.472 1.088 0.768 0.768 1.152 1.536z\"><\/path>\n<\/svg><\/span><\/a><\/div><div class='entry-content-wrapper clearfix standard-content'><header class=\"entry-content-header\" aria-label=\"Post: Galer\u00eda Central estrena la exposici\u00f3n &#8216;Ecolog\u00eda Sensorial&#8217;\"><div class=\"av-heading-wrapper\"><span class=\"blog-categories minor-meta\"><a href=\"https:\/\/humartech.uma.es\/iarthislab\/category\/exhibitions\/\" rel=\"tag\">Exhibitions<\/a>, <a href=\"https:\/\/humartech.uma.es\/iarthislab\/category\/exposiciones\/\" rel=\"tag\">Exposiciones<\/a>, <a href=\"https:\/\/humartech.uma.es\/iarthislab\/category\/iarthislabenlosmedios\/\" rel=\"tag\">iArtHis.LAB en los medios<\/a>, <a href=\"https:\/\/humartech.uma.es\/iarthislab\/category\/proyectos\/\" rel=\"tag\">Proyectos<\/a>, <a href=\"https:\/\/humartech.uma.es\/iarthislab\/category\/transuma\/\" rel=\"tag\">TransUMA<\/a><\/span><h2 class='post-title entry-title '  itemprop=\"headline\" ><a href=\"https:\/\/humartech.uma.es\/iarthislab\/galeria-central-estrena-la-exposicion-ecologia-sensorial\/\" rel=\"bookmark\" title=\"Enlace permanente: Galer\u00eda Central estrena la exposici\u00f3n &#8216;Ecolog\u00eda Sensorial&#8217;\">Galer\u00eda Central estrena la exposici\u00f3n &#8216;Ecolog\u00eda Sensorial&#8217;<span class=\"post-format-icon minor-meta\"><\/span><\/a><\/h2><\/div><\/header><span class=\"av-vertical-delimiter\"><\/span><div class=\"entry-content\"  itemprop=\"text\" ><div class=\"read-more-link\"><a href=\"https:\/\/humartech.uma.es\/iarthislab\/galeria-central-estrena-la-exposicion-ecologia-sensorial\/\" class=\"more-link\">Leer m\u00e1s<span class='more-link-arrow avia-svg-icon avia-font-svg_entypo-fontello' data-av_svg_icon='right-open-big' data-av_iconset='svg_entypo-fontello'><svg version=\"1.1\" xmlns=\"http:\/\/www.w3.org\/2000\/svg\" width=\"15\" height=\"32\" viewBox=\"0 0 15 32\" preserveAspectRatio=\"xMidYMid meet\" role=\"graphics-symbol\" aria-hidden=\"true\">\n<path d=\"M0.416 27.84l11.456-11.84-11.456-11.904q-0.832-0.832 0-1.536 0.832-0.832 1.536 0l12.544 12.608q0.768 0.832 0 1.6l-12.544 12.608q-0.704 0.832-1.536 0-0.832-0.704 0-1.536z\"><\/path>\n<\/svg><\/span><\/a><\/div>\n<\/div><span class=\"post-meta-infos\"><time class=\"date-container minor-meta updated\"  itemprop=\"datePublished\" datetime=\"2023-03-31T10:09:29+00:00\" >marzo 31, 2023<\/time><\/span><footer class=\"entry-footer\"><\/footer><div class='post_delimiter'><\/div><\/div><div class=\"post_author_timeline\"><\/div><span class='hidden'>\n\t\t\t\t<span class='av-structured-data'  itemprop=\"image\" itemscope=\"itemscope\" itemtype=\"https:\/\/schema.org\/ImageObject\" >\n\t\t\t\t\t\t<span itemprop='url'>https:\/\/humartech.uma.es\/iarthislab\/wp-content\/uploads\/2023\/03\/frxhj36x0ba-d4f.jpg<\/span>\n\t\t\t\t\t\t<span itemprop='height'>812<\/span>\n\t\t\t\t\t\t<span itemprop='width'>1218<\/span>\n\t\t\t\t<\/span>\n\t\t\t\t<span class='av-structured-data'  itemprop=\"publisher\" itemtype=\"https:\/\/schema.org\/Organization\" itemscope=\"itemscope\" >\n\t\t\t\t\t\t<span itemprop='name'>Leticia Crespillo<\/span>\n\t\t\t\t\t\t<span itemprop='logo' itemscope itemtype='https:\/\/schema.org\/ImageObject'>\n\t\t\t\t\t\t\t<span itemprop='url'>https:\/\/humartech.uma.es\/iarthislab\/wp-content\/uploads\/2018\/03\/iarthis_logo_uma.png<\/span>\n\t\t\t\t\t\t<\/span>\n\t\t\t\t<\/span><span class='av-structured-data'  itemprop=\"author\" itemscope=\"itemscope\" itemtype=\"https:\/\/schema.org\/Person\" ><span itemprop='name'>Leticia Crespillo<\/span><\/span><span class='av-structured-data'  itemprop=\"datePublished\" datetime=\"2023-03-31T10:09:29+00:00\" >2023-03-31 10:09:29<\/span><span class='av-structured-data'  itemprop=\"dateModified\" itemtype=\"https:\/\/schema.org\/dateModified\" >2026-02-13 08:36:49<\/span><span class='av-structured-data'  itemprop=\"mainEntityOfPage\" itemtype=\"https:\/\/schema.org\/mainEntityOfPage\" ><span itemprop='name'>Galer\u00eda Central estrena la exposici\u00f3n &#8216;Ecolog\u00eda Sensorial&#8217;<\/span><\/span><\/span><\/article><article class=\"post-entry post-entry-type-standard post-entry-9326 post-loop-8 post-parity-even post-entry-last single-small with-slider post-9326 post type-post status-publish format-standard has-post-thumbnail hentry category-conferencias category-noticias category-proyectos category-sin-categorizar category-transuma\"  itemscope=\"itemscope\" itemtype=\"https:\/\/schema.org\/BlogPosting\" ><div class=\"blog-meta\"><a href='https:\/\/humartech.uma.es\/iarthislab\/digital-performance-lecture-ii-complejidad-artistica-detras-de-la-pantalla-de-joaquin-ivars\/' class='small-preview'  title=\"BLOG FACULTAD. IVARS\"   itemprop=\"image\" itemscope=\"itemscope\" itemtype=\"https:\/\/schema.org\/ImageObject\" ><img decoding=\"async\" loading=\"lazy\" width=\"180\" height=\"180\" src=\"https:\/\/humartech.uma.es\/iarthislab\/wp-content\/uploads\/2022\/12\/BLOG-FACULTAD.-IVARS-180x180.jpg\" class=\"wp-image-9328 avia-img-lazy-loading-9328 attachment-square size-square wp-post-image\" alt=\"\" srcset=\"https:\/\/humartech.uma.es\/iarthislab\/wp-content\/uploads\/2022\/12\/BLOG-FACULTAD.-IVARS-180x180.jpg 180w, https:\/\/humartech.uma.es\/iarthislab\/wp-content\/uploads\/2022\/12\/BLOG-FACULTAD.-IVARS-80x80.jpg 80w, https:\/\/humartech.uma.es\/iarthislab\/wp-content\/uploads\/2022\/12\/BLOG-FACULTAD.-IVARS-36x36.jpg 36w\" sizes=\"auto, (max-width: 180px) 100vw, 180px\" \/><span class='iconfont avia-svg-icon avia-font-svg_entypo-fontello' data-av_svg_icon='pencil' data-av_iconset='svg_entypo-fontello' ><svg version=\"1.1\" xmlns=\"http:\/\/www.w3.org\/2000\/svg\" width=\"25\" height=\"32\" viewBox=\"0 0 25 32\" preserveAspectRatio=\"xMidYMid meet\" role=\"graphics-symbol\" aria-hidden=\"true\">\n<path d=\"M22.976 5.44q1.024 1.024 1.504 2.048t0.48 1.536v0.512l-8.064 8.064-9.28 9.216-7.616 1.664 1.6-7.68 9.28-9.216 8.064-8.064q1.728-0.384 4.032 1.92zM7.168 25.92l0.768-0.768q-0.064-1.408-1.664-3.008-0.704-0.704-1.44-1.12t-1.12-0.416l-0.448-0.064-0.704 0.768-0.576 2.56q0.896 0.512 1.472 1.088 0.768 0.768 1.152 1.536z\"><\/path>\n<\/svg><\/span><\/a><\/div><div class='entry-content-wrapper clearfix standard-content'><header class=\"entry-content-header\" aria-label=\"Post: DIGITAL PERFORMANCE LECTURE II (Complejidad art\u00edstica detr\u00e1s de la pantalla) de Joaqu\u00edn Ivars\"><div class=\"av-heading-wrapper\"><span class=\"blog-categories minor-meta\"><a href=\"https:\/\/humartech.uma.es\/iarthislab\/category\/conferencias\/\" rel=\"tag\">Conferencias<\/a>, <a href=\"https:\/\/humartech.uma.es\/iarthislab\/category\/noticias\/\" rel=\"tag\">Noticias<\/a>, <a href=\"https:\/\/humartech.uma.es\/iarthislab\/category\/proyectos\/\" rel=\"tag\">Proyectos<\/a>, <a href=\"https:\/\/humartech.uma.es\/iarthislab\/category\/sin-categorizar\/\" rel=\"tag\">Sin categorizar<\/a>, <a href=\"https:\/\/humartech.uma.es\/iarthislab\/category\/transuma\/\" rel=\"tag\">TransUMA<\/a><\/span><h2 class='post-title entry-title '  itemprop=\"headline\" ><a href=\"https:\/\/humartech.uma.es\/iarthislab\/digital-performance-lecture-ii-complejidad-artistica-detras-de-la-pantalla-de-joaquin-ivars\/\" rel=\"bookmark\" title=\"Enlace permanente: DIGITAL PERFORMANCE LECTURE II (Complejidad art\u00edstica detr\u00e1s de la pantalla) de Joaqu\u00edn Ivars\">DIGITAL PERFORMANCE LECTURE II (Complejidad art\u00edstica detr\u00e1s de la pantalla) de Joaqu\u00edn Ivars<span class=\"post-format-icon minor-meta\"><\/span><\/a><\/h2><\/div><\/header><span class=\"av-vertical-delimiter\"><\/span><div class=\"entry-content\"  itemprop=\"text\" ><div class=\"read-more-link\"><a href=\"https:\/\/humartech.uma.es\/iarthislab\/digital-performance-lecture-ii-complejidad-artistica-detras-de-la-pantalla-de-joaquin-ivars\/\" class=\"more-link\">Leer m\u00e1s<span class='more-link-arrow avia-svg-icon avia-font-svg_entypo-fontello' data-av_svg_icon='right-open-big' data-av_iconset='svg_entypo-fontello'><svg version=\"1.1\" xmlns=\"http:\/\/www.w3.org\/2000\/svg\" width=\"15\" height=\"32\" viewBox=\"0 0 15 32\" preserveAspectRatio=\"xMidYMid meet\" role=\"graphics-symbol\" aria-hidden=\"true\">\n<path d=\"M0.416 27.84l11.456-11.84-11.456-11.904q-0.832-0.832 0-1.536 0.832-0.832 1.536 0l12.544 12.608q0.768 0.832 0 1.6l-12.544 12.608q-0.704 0.832-1.536 0-0.832-0.704 0-1.536z\"><\/path>\n<\/svg><\/span><\/a><\/div>\n<\/div><span class=\"post-meta-infos\"><time class=\"date-container minor-meta updated\"  itemprop=\"datePublished\" datetime=\"2022-12-04T11:51:10+00:00\" >diciembre 4, 2022<\/time><\/span><footer class=\"entry-footer\"><\/footer><div class='post_delimiter'><\/div><\/div><div class=\"post_author_timeline\"><\/div><span class='hidden'>\n\t\t\t\t<span class='av-structured-data'  itemprop=\"image\" itemscope=\"itemscope\" itemtype=\"https:\/\/schema.org\/ImageObject\" >\n\t\t\t\t\t\t<span itemprop='url'>https:\/\/humartech.uma.es\/iarthislab\/wp-content\/uploads\/2022\/12\/BLOG-FACULTAD.-IVARS.jpg<\/span>\n\t\t\t\t\t\t<span itemprop='height'>590<\/span>\n\t\t\t\t\t\t<span itemprop='width'>1063<\/span>\n\t\t\t\t<\/span>\n\t\t\t\t<span class='av-structured-data'  itemprop=\"publisher\" itemtype=\"https:\/\/schema.org\/Organization\" itemscope=\"itemscope\" >\n\t\t\t\t\t\t<span itemprop='name'>Nuria Rodr\u00edguez<\/span>\n\t\t\t\t\t\t<span itemprop='logo' itemscope itemtype='https:\/\/schema.org\/ImageObject'>\n\t\t\t\t\t\t\t<span itemprop='url'>https:\/\/humartech.uma.es\/iarthislab\/wp-content\/uploads\/2018\/03\/iarthis_logo_uma.png<\/span>\n\t\t\t\t\t\t<\/span>\n\t\t\t\t<\/span><span class='av-structured-data'  itemprop=\"author\" itemscope=\"itemscope\" itemtype=\"https:\/\/schema.org\/Person\" ><span itemprop='name'>Nuria Rodr\u00edguez<\/span><\/span><span class='av-structured-data'  itemprop=\"datePublished\" datetime=\"2022-12-04T11:51:10+00:00\" >2022-12-04 11:51:10<\/span><span class='av-structured-data'  itemprop=\"dateModified\" itemtype=\"https:\/\/schema.org\/dateModified\" >2023-04-05 09:36:42<\/span><span class='av-structured-data'  itemprop=\"mainEntityOfPage\" itemtype=\"https:\/\/schema.org\/mainEntityOfPage\" ><span itemprop='name'>DIGITAL PERFORMANCE LECTURE II (Complejidad art\u00edstica detr\u00e1s de la pantalla) de Joaqu\u00edn Ivars<\/span><\/span><\/span><\/article><div class='single-small'><nav class='pagination'><span class='pagination-meta'>P\u00e1gina 1 de 12<\/span><span class='current'>1<\/span><a href='https:\/\/humartech.uma.es\/iarthislab\/wp-json\/wp\/v2\/pages\/7185\/page\/2\/' class='inactive next_page' >2<\/a><a href='https:\/\/humartech.uma.es\/iarthislab\/wp-json\/wp\/v2\/pages\/7185\/page\/3\/' class='inactive' >3<\/a><a href='https:\/\/humartech.uma.es\/iarthislab\/wp-json\/wp\/v2\/pages\/7185\/page\/2\/'>&rsaquo;<\/a><a href='https:\/\/humartech.uma.es\/iarthislab\/wp-json\/wp\/v2\/pages\/7185\/page\/12\/'>&raquo;<\/a><\/nav>\n<\/div><\/div><\/div>\n","protected":false},"excerpt":{"rendered":"","protected":false},"author":1,"featured_media":0,"parent":0,"menu_order":110,"comment_status":"closed","ping_status":"closed","template":"","meta":{"footnotes":""},"class_list":["post-7185","page","type-page","status-publish","hentry"],"_links":{"self":[{"href":"https:\/\/humartech.uma.es\/iarthislab\/wp-json\/wp\/v2\/pages\/7185","targetHints":{"allow":["GET"]}}],"collection":[{"href":"https:\/\/humartech.uma.es\/iarthislab\/wp-json\/wp\/v2\/pages"}],"about":[{"href":"https:\/\/humartech.uma.es\/iarthislab\/wp-json\/wp\/v2\/types\/page"}],"author":[{"embeddable":true,"href":"https:\/\/humartech.uma.es\/iarthislab\/wp-json\/wp\/v2\/users\/1"}],"replies":[{"embeddable":true,"href":"https:\/\/humartech.uma.es\/iarthislab\/wp-json\/wp\/v2\/comments?post=7185"}],"version-history":[{"count":0,"href":"https:\/\/humartech.uma.es\/iarthislab\/wp-json\/wp\/v2\/pages\/7185\/revisions"}],"wp:attachment":[{"href":"https:\/\/humartech.uma.es\/iarthislab\/wp-json\/wp\/v2\/media?parent=7185"}],"curies":[{"name":"wp","href":"https:\/\/api.w.org\/{rel}","templated":true}]}}